{"id":112,"date":"2022-05-20T14:59:05","date_gmt":"2022-05-20T11:59:05","guid":{"rendered":"https:\/\/sefarad.com.tr\/en\/?page_id=112"},"modified":"2022-05-31T13:27:15","modified_gmt":"2022-05-31T10:27:15","slug":"videos","status":"publish","type":"page","link":"https:\/\/sefarad.com.tr\/en\/videos\/","title":{"rendered":"Videos"},"content":{"rendered":"\n<p>VIDEOS EN JUDEO-ESPANYOL<\/p>\n\n\n\n<p>Bortnick, Rachel Amado. &#8220;Karen Sarhon.&#8221; Jewish Women: A Comprehensive Historical Encyclopedia. 23 June 2021. Jewish Women&#8217;s Archive. (Viewed on July 4, 2021) &lt;https:\/\/jwa.org\/encyclopedia\/article\/sarhon-karen&gt;.<\/p>\n\n\n\n<p>1. Forti Barokas: La konseja de Rashel<\/p>\n\n\n\n<p>VLACH ID-number: ladi1251TRV0025a<\/p>\n\n\n\n<figure class=\"wp-block-embed is-type-video is-provider-youtube wp-block-embed-youtube wp-embed-aspect-16-9 wp-has-aspect-ratio\"><div class=\"wp-block-embed__wrapper\">\n<iframe loading=\"lazy\" title=\"The Story of Rachel \u2013 Judeo-Spanish Collection\" width=\"474\" height=\"267\" src=\"https:\/\/www.youtube.com\/embed\/GNwmEhqgpQQ?feature=oembed\" frameborder=\"0\" allow=\"accelerometer; autoplay; clipboard-write; encrypted-media; gyroscope; picture-in-picture; web-share\" referrerpolicy=\"strict-origin-when-cross-origin\" allowfullscreen><\/iframe>\n<\/div><\/figure>\n\n\n\n<p>2. Zelda Natan: Izak i sus dos Mujeres<\/p>\n\n\n\n<p>VLACH ID-number: ladi1251TRV0028a<\/p>\n\n\n\n<figure class=\"wp-block-embed is-type-video is-provider-youtube wp-block-embed-youtube wp-embed-aspect-16-9 wp-has-aspect-ratio\"><div class=\"wp-block-embed__wrapper\">\n<iframe loading=\"lazy\" title=\"Izak and his two wives \u2013 Judeo-Spanish Collection\" width=\"474\" height=\"267\" src=\"https:\/\/www.youtube.com\/embed\/j3YG6pPoJNg?feature=oembed\" frameborder=\"0\" allow=\"accelerometer; autoplay; clipboard-write; encrypted-media; gyroscope; picture-in-picture; web-share\" referrerpolicy=\"strict-origin-when-cross-origin\" allowfullscreen><\/iframe>\n<\/div><\/figure>\n\n\n\n<p>3. Haim Nesim Kohen&#8217;s narrative about his illegal return to Turkey in Judeo-Spanish of Istanbul<\/p>\n\n\n\n<p>VLACH ID-number: ladi1251TRV0019a<\/p>\n\n\n\n<figure class=\"wp-block-embed is-type-video is-provider-youtube wp-block-embed-youtube wp-embed-aspect-16-9 wp-has-aspect-ratio\"><div class=\"wp-block-embed__wrapper\">\n<iframe loading=\"lazy\" title=\"My youth was wasted in the army - Judeo-Spanish Collection\" width=\"474\" height=\"267\" src=\"https:\/\/www.youtube.com\/embed\/forrscj5WUc?feature=oembed\" frameborder=\"0\" allow=\"accelerometer; autoplay; clipboard-write; encrypted-media; gyroscope; picture-in-picture; web-share\" referrerpolicy=\"strict-origin-when-cross-origin\" allowfullscreen><\/iframe>\n<\/div><\/figure>\n\n\n\n<p>4. \u0218eli Natan Gaon&#8217;s narrative about Ladino\/Judeo-Spanish of Istanbul<\/p>\n\n\n\n<p>VLACH ID-number: ladi1251TRV0005a<\/p>\n\n\n\n<figure class=\"wp-block-embed is-type-video is-provider-youtube wp-block-embed-youtube wp-embed-aspect-16-9 wp-has-aspect-ratio\"><div class=\"wp-block-embed__wrapper\">\n<iframe loading=\"lazy\" title=\"Why don&#039;t we speak Ladino? - Judeo-Spanish Collection\" width=\"474\" height=\"267\" src=\"https:\/\/www.youtube.com\/embed\/N2S0lzA0ngo?feature=oembed\" frameborder=\"0\" allow=\"accelerometer; autoplay; clipboard-write; encrypted-media; gyroscope; picture-in-picture; web-share\" referrerpolicy=\"strict-origin-when-cross-origin\" allowfullscreen><\/iframe>\n<\/div><\/figure>\n\n\n\n<p>5. Jojo Eskenazi&#8217;s narrative about the shifts in the heritage language in Judeo-Spanish of Istanbul VLACH ID-number: ladi1251TRV0013a<\/p>\n\n\n\n<figure class=\"wp-block-embed is-type-video is-provider-youtube wp-block-embed-youtube wp-embed-aspect-16-9 wp-has-aspect-ratio\"><div class=\"wp-block-embed__wrapper\">\n<iframe loading=\"lazy\" title=\"How did the language of the Jews change? - Judeo-Spanish Collection\" width=\"474\" height=\"267\" src=\"https:\/\/www.youtube.com\/embed\/-lu1o1xsTrs?feature=oembed\" frameborder=\"0\" allow=\"accelerometer; autoplay; clipboard-write; encrypted-media; gyroscope; picture-in-picture; web-share\" referrerpolicy=\"strict-origin-when-cross-origin\" allowfullscreen><\/iframe>\n<\/div><\/figure>\n\n\n\n<p>6. Zelda Natan&#8217;s language biography in Judeo-Spanish of Istanbul VLACH ID-number: ladi1251TRV0001a Description: Zelda Natan begins by recounting the different languages she has mastered and continues by explaining Turkey&#8217;s political position during World War ll. She relates some details of her years at school and describes the island of Heybeliada where she spent her summers as a child. Zelda also recalls some unpleasant memories, namely the pain associated with the premature loss of some of her mother&#8217;s children. Cite as: K\u00f3mo me ambez\u00ed las l\u00edngwas ke kon\u00f3sko \u2013 Language biography; performer: Zelda Natan, camera\/ interview: Ioana Nechiti, Deyvi Papo, transcription\/ translation: Ioana Nechiti, Deyvi Papo, Imane Sghiouar, editor: Deyvi Papo, retrieved from www.oeaw.ac.at\/VLACH, ID-number: ladi1251TRV0001a. You can access our Judeo-Spanish video\/audio\/transcription collection on our website: https:\/\/www.oeaw.ac.at\/vlach\/collecti&#8230; About VLACH The Commission Vanishing Languages and Cultural Heritage (VLACH) aims to contribute to the academic knowledge of the world\u2019s linguistic diversity by investigating nondocumented and lesser-documented languages and varieties. VLACH is committed to develop strategies of language maintenance and to nurture cultural heritage in close collaboration with the diverse communities involved in the VLACH projects. To know more about VLACH visit: https:\/\/www.oeaw.ac.at\/vlach\/<\/p>\n\n\n\n<figure class=\"wp-block-embed is-type-video is-provider-youtube wp-block-embed-youtube wp-embed-aspect-16-9 wp-has-aspect-ratio\"><div class=\"wp-block-embed__wrapper\">\n<iframe loading=\"lazy\" title=\"Language biography - Judeo-Spanish Collection\" width=\"474\" height=\"267\" src=\"https:\/\/www.youtube.com\/embed\/UEtHZULAn94?feature=oembed\" frameborder=\"0\" allow=\"accelerometer; autoplay; clipboard-write; encrypted-media; gyroscope; picture-in-picture; web-share\" referrerpolicy=\"strict-origin-when-cross-origin\" allowfullscreen><\/iframe>\n<\/div><\/figure>\n\n\n\n<p>7. Fani Bonofiyel&#8217;s narrative about about her theatre performances in Judeo-Spanish of Istanbul VLACH ID-number: ladi1251TRV0011a<\/p>\n\n\n\n<figure class=\"wp-block-embed is-type-video is-provider-youtube wp-block-embed-youtube wp-embed-aspect-16-9 wp-has-aspect-ratio\"><div class=\"wp-block-embed__wrapper\">\n<iframe loading=\"lazy\" title=\"How did I start doing theatre in Judeo-Spanish - Judeo-Spanish Collection\" width=\"474\" height=\"267\" src=\"https:\/\/www.youtube.com\/embed\/EFYAELdQ3z4?feature=oembed\" frameborder=\"0\" allow=\"accelerometer; autoplay; clipboard-write; encrypted-media; gyroscope; picture-in-picture; web-share\" referrerpolicy=\"strict-origin-when-cross-origin\" allowfullscreen><\/iframe>\n<\/div><\/figure>\n\n\n\n<p>8. Jojo Eskenazi tells two humorous stories in Judeo-Spanish of Istanbul VLACH ID-number: ladi1251TRV0016a<\/p>\n\n\n\n<figure class=\"wp-block-embed is-type-video is-provider-youtube wp-block-embed-youtube wp-embed-aspect-16-9 wp-has-aspect-ratio\"><div class=\"wp-block-embed__wrapper\">\n<iframe loading=\"lazy\" title=\"An Ottoman slap - Judeo-Spanish Collection\" width=\"474\" height=\"267\" src=\"https:\/\/www.youtube.com\/embed\/-0u07bRIV4c?feature=oembed\" frameborder=\"0\" allow=\"accelerometer; autoplay; clipboard-write; encrypted-media; gyroscope; picture-in-picture; web-share\" referrerpolicy=\"strict-origin-when-cross-origin\" allowfullscreen><\/iframe>\n<\/div><\/figure>\n\n\n\n<p>9. Zelda Natan&#8217;s narrative about the kibbutz schools in Judeo-Spanish of Istanbul VLACH ID-number: ladi1251TRV0003a<\/p>\n\n\n\n<figure class=\"wp-block-embed is-type-video is-provider-youtube wp-block-embed-youtube wp-embed-aspect-16-9 wp-has-aspect-ratio\"><div class=\"wp-block-embed__wrapper\">\n<iframe loading=\"lazy\" title=\"In the kibbutz schools - Judeo-Spanish Collection\" width=\"474\" height=\"267\" src=\"https:\/\/www.youtube.com\/embed\/tvDzuc1PC_E?feature=oembed\" frameborder=\"0\" allow=\"accelerometer; autoplay; clipboard-write; encrypted-media; gyroscope; picture-in-picture; web-share\" referrerpolicy=\"strict-origin-when-cross-origin\" allowfullscreen><\/iframe>\n<\/div><\/figure>\n\n\n\n<p>10. Fani Bonofiyel&#8217;s narrative about the French schools in Judeo-Spanish of Istanbul VLACH ID-number: ladi1251TRV0009a<\/p>\n\n\n\n<figure class=\"wp-block-embed is-type-video is-provider-youtube wp-block-embed-youtube wp-embed-aspect-16-9 wp-has-aspect-ratio\"><div class=\"wp-block-embed__wrapper\">\n<iframe loading=\"lazy\" title=\"The fashion of French schools - Judeo-Spanish Collection\" width=\"474\" height=\"267\" src=\"https:\/\/www.youtube.com\/embed\/pvZp_nawF9Y?feature=oembed\" frameborder=\"0\" allow=\"accelerometer; autoplay; clipboard-write; encrypted-media; gyroscope; picture-in-picture; web-share\" referrerpolicy=\"strict-origin-when-cross-origin\" allowfullscreen><\/iframe>\n<\/div><\/figure>\n\n\n\n<p>11. Forti Barokas gives us an insight into the multilingual Sephardic community of Istanbul VLACH ID-number: ladi1251TRV0024a<\/p>\n\n\n\n<figure class=\"wp-block-embed is-type-video is-provider-youtube wp-block-embed-youtube wp-embed-aspect-16-9 wp-has-aspect-ratio\"><div class=\"wp-block-embed__wrapper\">\n<iframe loading=\"lazy\" title=\"Maybe we have a talent for languages \u2013 Judeo-Spanish Collection\" width=\"474\" height=\"267\" src=\"https:\/\/www.youtube.com\/embed\/XnAO_Xzfwms?feature=oembed\" frameborder=\"0\" allow=\"accelerometer; autoplay; clipboard-write; encrypted-media; gyroscope; picture-in-picture; web-share\" referrerpolicy=\"strict-origin-when-cross-origin\" allowfullscreen><\/iframe>\n<\/div><\/figure>\n\n\n\n<p>12. Lili Kaneti tells us about her life spent in Gallipoli and Edirne in Judeo-Spanish of Istanbul VLACH ID-number: ladi1251TRV0027a<\/p>\n\n\n\n<figure class=\"wp-block-embed is-type-video is-provider-youtube wp-block-embed-youtube wp-embed-aspect-16-9 wp-has-aspect-ratio\"><div class=\"wp-block-embed__wrapper\">\n<iframe loading=\"lazy\" title=\"Life in Edirne was very peaceful \u2013 Judeo-Spanish Collection\" width=\"474\" height=\"267\" src=\"https:\/\/www.youtube.com\/embed\/jcFr0fZuybY?feature=oembed\" frameborder=\"0\" allow=\"accelerometer; autoplay; clipboard-write; encrypted-media; gyroscope; picture-in-picture; web-share\" referrerpolicy=\"strict-origin-when-cross-origin\" allowfullscreen><\/iframe>\n<\/div><\/figure>\n\n\n\n<p>13. Suzan Levi recalls the circumstances of her wedding in Judeo-Spanish of Istanbul VLACH ID-number: ladi1251TRV0026a<\/p>\n\n\n\n<figure class=\"wp-block-embed is-type-video is-provider-youtube wp-block-embed-youtube wp-embed-aspect-16-9 wp-has-aspect-ratio\"><div class=\"wp-block-embed__wrapper\">\n<iframe loading=\"lazy\" title=\"Our destiny is written in the stars \u2013 Judeo-Spanish Collection\" width=\"474\" height=\"267\" src=\"https:\/\/www.youtube.com\/embed\/1SO8I8oPuOY?feature=oembed\" frameborder=\"0\" allow=\"accelerometer; autoplay; clipboard-write; encrypted-media; gyroscope; picture-in-picture; web-share\" referrerpolicy=\"strict-origin-when-cross-origin\" allowfullscreen><\/iframe>\n<\/div><\/figure>\n\n\n\n<p>14. Karen Gerson Sarhon \u2013 Sephardic Humor and the Ladino Language<\/p>\n\n\n\n<figure class=\"wp-block-embed is-type-video is-provider-youtube wp-block-embed-youtube wp-embed-aspect-16-9 wp-has-aspect-ratio\"><div class=\"wp-block-embed__wrapper\">\n<iframe loading=\"lazy\" title=\"Karen Gerson Sarhon \u2013 Sephardic Humor and the Ladino Language\" width=\"474\" height=\"267\" src=\"https:\/\/www.youtube.com\/embed\/hNeRsCEBfd8?feature=oembed\" frameborder=\"0\" allow=\"accelerometer; autoplay; clipboard-write; encrypted-media; gyroscope; picture-in-picture; web-share\" referrerpolicy=\"strict-origin-when-cross-origin\" allowfullscreen><\/iframe>\n<\/div><\/figure>\n\n\n\n<p>15. Guler Orgun &#8220;A Turkish-Jewish-Muslim-Tale&#8221; (Ladino Audio | English Subtitle)<\/p>\n\n\n\n<figure class=\"wp-block-embed is-type-video is-provider-youtube wp-block-embed-youtube wp-embed-aspect-16-9 wp-has-aspect-ratio\"><div class=\"wp-block-embed__wrapper\">\n<iframe loading=\"lazy\" title=\"Guler Orgun &quot;A Turkish-Jewish-Muslim-Tale&quot; (Ladino Audio | English Subtitle)\" width=\"474\" height=\"267\" src=\"https:\/\/www.youtube.com\/embed\/6PUw3GMgNgs?feature=oembed\" frameborder=\"0\" allow=\"accelerometer; autoplay; clipboard-write; encrypted-media; gyroscope; picture-in-picture; web-share\" referrerpolicy=\"strict-origin-when-cross-origin\" allowfullscreen><\/iframe>\n<\/div><\/figure>\n\n\n\n<p>16. Ladino \u05dc\u05d0\u05d3\u05d9\u05e0\u05d5 : En memoria de Isaac Levy (baret on) \u05ea\u05d9\u05e2\u05d5\u05d3 \u05d5\u05d4\u05e4\u05e7\u05d4 \u05d3&#8221;\u05e8 \u05d0\u05d9\u05e6\u05d9\u05e7 \u05dc\u05d5\u05d9<\/p>\n\n\n\n<figure class=\"wp-block-embed is-type-video is-provider-youtube wp-block-embed-youtube wp-embed-aspect-16-9 wp-has-aspect-ratio\"><div class=\"wp-block-embed__wrapper\">\n<iframe loading=\"lazy\" title=\"Ladino \u05dc\u05d0\u05d3\u05d9\u05e0\u05d5 : En  memoria de  Isaac Levy (bareton) \u05ea\u05d9\u05e2\u05d5\u05d3 \u05d5\u05d4\u05e4\u05e7\u05d4 \u05d3&quot;\u05e8 \u05d0\u05d9\u05e6\u05d9\u05e7 \u05dc\u05d5\u05d9\" width=\"474\" height=\"267\" src=\"https:\/\/www.youtube.com\/embed\/c8OGcaoEP0s?feature=oembed\" frameborder=\"0\" allow=\"accelerometer; autoplay; clipboard-write; encrypted-media; gyroscope; picture-in-picture; web-share\" referrerpolicy=\"strict-origin-when-cross-origin\" allowfullscreen><\/iframe>\n<\/div><\/figure>\n\n\n\n<p>17. Ladino \u05dc\u05d0\u05d3\u05d9\u05e0\u05d5 : Entrevista kon Dona Alharal i Samuel Sade \u05ea\u05d9\u05e2\u05d5\u05d3 \u05d3&#8221;\u05e8 \u05d0\u05d9\u05e6\u05d9\u05e7<\/p>\n\n\n\n<figure class=\"wp-block-embed is-type-video is-provider-youtube wp-block-embed-youtube wp-embed-aspect-4-3 wp-has-aspect-ratio\"><div class=\"wp-block-embed__wrapper\">\n<iframe loading=\"lazy\" title=\"Ladino \u05dc\u05d0\u05d3\u05d9\u05e0\u05d5 : Entrevista kon Dona Alharal  i  Samuel  Sade  \u05ea\u05d9\u05e2\u05d5\u05d3 \u05d3&quot;\u05e8 \u05d0\u05d9\u05e6\u05d9\u05e7\" width=\"474\" height=\"356\" src=\"https:\/\/www.youtube.com\/embed\/D0FkHPl5-xs?feature=oembed\" frameborder=\"0\" allow=\"accelerometer; autoplay; clipboard-write; encrypted-media; gyroscope; picture-in-picture; web-share\" referrerpolicy=\"strict-origin-when-cross-origin\" allowfullscreen><\/iframe>\n<\/div><\/figure>\n\n\n\n<p>18. Ladino \u05dc\u05d0\u05d3\u05d9\u05e0\u05d5 : Entrevista kon Matan Stein \u05ea\u05d9\u05e2\u05d5\u05d3 \u05d3&#8221;\u05e8 \u05d0\u05d9\u05e6\u05d9\u05e7 \u05dc\u05d5\u05d9<\/p>\n\n\n\n<figure class=\"wp-block-embed is-type-video is-provider-youtube wp-block-embed-youtube wp-embed-aspect-16-9 wp-has-aspect-ratio\"><div class=\"wp-block-embed__wrapper\">\n<iframe loading=\"lazy\" title=\"Ladino \u05dc\u05d0\u05d3\u05d9\u05e0\u05d5 : Entrevista kon Matan Stein \u05ea\u05d9\u05e2\u05d5\u05d3 \u05d3&quot;\u05e8 \u05d0\u05d9\u05e6\u05d9\u05e7 \u05dc\u05d5\u05d9\" width=\"474\" height=\"267\" src=\"https:\/\/www.youtube.com\/embed\/jx2VNdxtKr4?feature=oembed\" frameborder=\"0\" allow=\"accelerometer; autoplay; clipboard-write; encrypted-media; gyroscope; picture-in-picture; web-share\" referrerpolicy=\"strict-origin-when-cross-origin\" allowfullscreen><\/iframe>\n<\/div><\/figure>\n\n\n\n<p>19. ladino \u05dc\u05d0\u05d3\u05d9\u05e0\u05d5 : Entrevista kon Sara Sufrin (A) \u05ea\u05d9\u05e2\u05d5\u05d3 \u05d3&#8221;\u05e8 \u05d0\u05d9\u05e6\u05d9\u05e7 \u05dc\u05d5\u05d9<\/p>\n\n\n\n<figure class=\"wp-block-embed is-type-video is-provider-youtube wp-block-embed-youtube wp-embed-aspect-4-3 wp-has-aspect-ratio\"><div class=\"wp-block-embed__wrapper\">\n<iframe loading=\"lazy\" title=\"ladino \u05dc\u05d0\u05d3\u05d9\u05e0\u05d5 : Entrevista kon  Sara Sufrin (A)  \u05ea\u05d9\u05e2\u05d5\u05d3 \u05d3&quot;\u05e8 \u05d0\u05d9\u05e6\u05d9\u05e7 \u05dc\u05d5\u05d9\" width=\"474\" height=\"356\" src=\"https:\/\/www.youtube.com\/embed\/IpmpYgsEWE0?feature=oembed\" frameborder=\"0\" allow=\"accelerometer; autoplay; clipboard-write; encrypted-media; gyroscope; picture-in-picture; web-share\" referrerpolicy=\"strict-origin-when-cross-origin\" allowfullscreen><\/iframe>\n<\/div><\/figure>\n\n\n\n<p>20. ladino \u05dc\u05d0\u05d3\u05d9\u05e0\u05d5 : Moshe Angel \u05e4\u05d9\u05d5\u05d8 \u05dc\u05d9\u05d5\u05dd \u05d4\u05e9\u05d1\u05ea<\/p>\n\n\n\n<figure class=\"wp-block-embed is-type-video is-provider-youtube wp-block-embed-youtube wp-embed-aspect-4-3 wp-has-aspect-ratio\"><div class=\"wp-block-embed__wrapper\">\n<iframe loading=\"lazy\" title=\"ladino  \u05dc\u05d0\u05d3\u05d9\u05e0\u05d5 :  Moshe Angel  \u05e4\u05d9\u05d5\u05d8 \u05dc\u05d9\u05d5\u05dd \u05d4\u05e9\u05d1\u05ea\" width=\"474\" height=\"356\" src=\"https:\/\/www.youtube.com\/embed\/jY0uVj4sW34?feature=oembed\" frameborder=\"0\" allow=\"accelerometer; autoplay; clipboard-write; encrypted-media; gyroscope; picture-in-picture; web-share\" referrerpolicy=\"strict-origin-when-cross-origin\" allowfullscreen><\/iframe>\n<\/div><\/figure>\n\n\n\n<p>21. Ladino \u05dc\u05d0\u05d3\u05d9\u05e0\u05d5 :En Memoria de Malka levi \u05ea\u05d9\u05e2\u05d5\u05d3 \u05d3&#8221;\u05e8 \u05d0\u05d9\u05e6\u05d9\u05e7 \u05dc\u05d5\u05d9<\/p>\n\n\n\n<figure class=\"wp-block-embed is-type-video is-provider-youtube wp-block-embed-youtube wp-embed-aspect-4-3 wp-has-aspect-ratio\"><div class=\"wp-block-embed__wrapper\">\n<iframe loading=\"lazy\" title=\"Ladino \u05dc\u05d0\u05d3\u05d9\u05e0\u05d5 :En Memoria de Malka levi \u05ea\u05d9\u05e2\u05d5\u05d3 \u05d3&quot;\u05e8 \u05d0\u05d9\u05e6\u05d9\u05e7 \u05dc\u05d5\u05d9\" width=\"474\" height=\"356\" src=\"https:\/\/www.youtube.com\/embed\/D5-4Mat-sdQ?feature=oembed\" frameborder=\"0\" allow=\"accelerometer; autoplay; clipboard-write; encrypted-media; gyroscope; picture-in-picture; web-share\" referrerpolicy=\"strict-origin-when-cross-origin\" allowfullscreen><\/iframe>\n<\/div><\/figure>\n\n\n\n<p>22. Ladino \u05dc\u05d0\u05d3\u05d9\u05e0\u05d5 :Julide Avzardel \u05ea\u05d9\u05e2\u05d5\u05d3 \u05d3&#8221;\u05e8 \u05d0\u05d9\u05e6\u05d9\u05e7 \u05dc\u05d5\u05d9<\/p>\n\n\n\n<figure class=\"wp-block-embed is-type-video is-provider-youtube wp-block-embed-youtube wp-embed-aspect-4-3 wp-has-aspect-ratio\"><div class=\"wp-block-embed__wrapper\">\n<iframe loading=\"lazy\" title=\"Ladino \u05dc\u05d0\u05d3\u05d9\u05e0\u05d5 :Julide Avzardel \u05ea\u05d9\u05e2\u05d5\u05d3 \u05d3&quot;\u05e8 \u05d0\u05d9\u05e6\u05d9\u05e7 \u05dc\u05d5\u05d9\" width=\"474\" height=\"356\" src=\"https:\/\/www.youtube.com\/embed\/8_v5XFzmz7s?feature=oembed\" frameborder=\"0\" allow=\"accelerometer; autoplay; clipboard-write; encrypted-media; gyroscope; picture-in-picture; web-share\" referrerpolicy=\"strict-origin-when-cross-origin\" allowfullscreen><\/iframe>\n<\/div><\/figure>\n\n\n\n<p>23. Ladino \u05dc\u05d0\u05d3\u05d9\u05e0\u05d5 :Ladino \u05dc\u05d0\u05d3\u05d9\u05e0\u05d5 :Entrevista kon Regina Kaneti \u05ea\u05d9\u05e2\u05d5\u05d3 \u05d3&#8221;\u05e8 \u05d0\u05d9\u05e6\u05d9\u05e7 \u05d5\u05dc\u05d5\u05d9<\/p>\n\n\n\n<figure class=\"wp-block-embed is-type-video is-provider-youtube wp-block-embed-youtube wp-embed-aspect-16-9 wp-has-aspect-ratio\"><div class=\"wp-block-embed__wrapper\">\n<iframe loading=\"lazy\" title=\"Ladino \u05dc\u05d0\u05d3\u05d9\u05e0\u05d5 :Ladino \u05dc\u05d0\u05d3\u05d9\u05e0\u05d5 :Entrevista kon Regina Kaneti \u05ea\u05d9\u05e2\u05d5\u05d3 \u05d3&quot;\u05e8 \u05d0\u05d9\u05e6\u05d9\u05e7 \u05d5\u05dc\u05d5\u05d9\" width=\"474\" height=\"267\" src=\"https:\/\/www.youtube.com\/embed\/JrnyFpUNC2w?feature=oembed\" frameborder=\"0\" allow=\"accelerometer; autoplay; clipboard-write; encrypted-media; gyroscope; picture-in-picture; web-share\" referrerpolicy=\"strict-origin-when-cross-origin\" allowfullscreen><\/iframe>\n<\/div><\/figure>\n\n\n\n<p>24. Ladino \u05dc\u05d0\u05d3\u05d9\u05e0\u05d5 : Entrevista kon Moshiko kohen \u05ea\u05d9\u05e2\u05d5\u05d3 \u05d3&#8221;\u05e8 \u05d0\u05d9\u05e6\u05d9\u05e7 \u05dc\u05d5\u05d9<\/p>\n\n\n\n<figure class=\"wp-block-embed is-type-video is-provider-youtube wp-block-embed-youtube wp-embed-aspect-4-3 wp-has-aspect-ratio\"><div class=\"wp-block-embed__wrapper\">\n<iframe loading=\"lazy\" title=\". Ladino \u05dc\u05d0\u05d3\u05d9\u05e0\u05d5 : Entrevista kon Moshiko  kohen   \u05ea\u05d9\u05e2\u05d5\u05d3 \u05d3&quot;\u05e8 \u05d0\u05d9\u05e6\u05d9\u05e7 \u05dc\u05d5\u05d9\" width=\"474\" height=\"356\" src=\"https:\/\/www.youtube.com\/embed\/RyRlkhPscLs?feature=oembed\" frameborder=\"0\" allow=\"accelerometer; autoplay; clipboard-write; encrypted-media; gyroscope; picture-in-picture; web-share\" referrerpolicy=\"strict-origin-when-cross-origin\" allowfullscreen><\/iframe>\n<\/div><\/figure>\n\n\n\n<p>25. Ladino \u05dc\u05d0\u05d3\u05d9\u05e0\u05d5 :Entrevista kon Moshe Shaul 2010<\/p>\n\n\n\n<figure class=\"wp-block-embed is-type-video is-provider-youtube wp-block-embed-youtube wp-embed-aspect-16-9 wp-has-aspect-ratio\"><div class=\"wp-block-embed__wrapper\">\n<iframe loading=\"lazy\" title=\"Ladino \u05dc\u05d0\u05d3\u05d9\u05e0\u05d5 :Entrevista kon Moshe  Shaul 2010 \u05ea\u05d9\u05e2\u05d5\u05d3 \u05d3&quot;\u05e8 \u05d0\u05d9\u05e6\u05d9\u05e7 \u05dc\u05d5\u05d9\" width=\"474\" height=\"267\" src=\"https:\/\/www.youtube.com\/embed\/60ocJzeKtCY?feature=oembed\" frameborder=\"0\" allow=\"accelerometer; autoplay; clipboard-write; encrypted-media; gyroscope; picture-in-picture; web-share\" referrerpolicy=\"strict-origin-when-cross-origin\" allowfullscreen><\/iframe>\n<\/div><\/figure>\n\n\n\n<p>26. Ladino : Entrevista kon Mazal Kohen i Yosef Armoza<\/p>\n\n\n\n<figure class=\"wp-block-embed is-type-video is-provider-youtube wp-block-embed-youtube wp-embed-aspect-16-9 wp-has-aspect-ratio\"><div class=\"wp-block-embed__wrapper\">\n<iframe loading=\"lazy\" title=\"Ladino :  Entrevista kon Mazal Kohen i Yosef Armoza \u05ea\u05d9\u05e2\u05d5\u05d3 \u05d3&quot;\u05e8 \u05d0\u05d9\u05e6\u05d9\u05e7 \u05dc\" width=\"474\" height=\"267\" src=\"https:\/\/www.youtube.com\/embed\/Lmpf4eFRnEs?feature=oembed\" frameborder=\"0\" allow=\"accelerometer; autoplay; clipboard-write; encrypted-media; gyroscope; picture-in-picture; web-share\" referrerpolicy=\"strict-origin-when-cross-origin\" allowfullscreen><\/iframe>\n<\/div><\/figure>\n\n\n\n<p>27. Ladino \u05dc\u05d0\u05d3\u05d9\u05e0\u05d5 : Entrevista kon Dona Alharal i Samuel Sade<\/p>\n\n\n\n<figure class=\"wp-block-embed is-type-video is-provider-youtube wp-block-embed-youtube wp-embed-aspect-4-3 wp-has-aspect-ratio\"><div class=\"wp-block-embed__wrapper\">\n<iframe loading=\"lazy\" title=\"Ladino \u05dc\u05d0\u05d3\u05d9\u05e0\u05d5 : Entrevista kon Dona Alharal  i  Samuel  Sade  \u05ea\u05d9\u05e2\u05d5\u05d3 \u05d3&quot;\u05e8 \u05d0\u05d9\u05e6\u05d9\u05e7\" width=\"474\" height=\"356\" src=\"https:\/\/www.youtube.com\/embed\/D0FkHPl5-xs?feature=oembed\" frameborder=\"0\" allow=\"accelerometer; autoplay; clipboard-write; encrypted-media; gyroscope; picture-in-picture; web-share\" referrerpolicy=\"strict-origin-when-cross-origin\" allowfullscreen><\/iframe>\n<\/div><\/figure>\n\n\n\n<p>28. Ladino \u05dc\u05d0\u05d3\u05d9\u05e0\u05d5 : Entrevista kon Gila hassid i Marglit Tovi<\/p>\n\n\n\n<figure class=\"wp-block-embed is-type-video is-provider-youtube wp-block-embed-youtube wp-embed-aspect-4-3 wp-has-aspect-ratio\"><div class=\"wp-block-embed__wrapper\">\n<iframe loading=\"lazy\" title=\". Ladino \u05dc\u05d0\u05d3\u05d9\u05e0\u05d5 : Entrevista kon Gila hassid i Marglit Tovi   \u05ea\u05d9\u05e2\u05d5\u05d3 \u05d3&quot;\u05e8 \u05d0\u05d9\u05e6\u05d9\u05e7 \u05dc\u05d5\u05d9\" width=\"474\" height=\"356\" src=\"https:\/\/www.youtube.com\/embed\/-jVX9pHovus?feature=oembed\" frameborder=\"0\" allow=\"accelerometer; autoplay; clipboard-write; encrypted-media; gyroscope; picture-in-picture; web-share\" referrerpolicy=\"strict-origin-when-cross-origin\" allowfullscreen><\/iframe>\n<\/div><\/figure>\n\n\n\n<p>29. Ladino \u05dc\u05d0\u05d3\u05d9\u05e0\u05d5 : Charla de dos ermanos<\/p>\n\n\n\n<figure class=\"wp-block-embed is-type-video is-provider-youtube wp-block-embed-youtube wp-embed-aspect-4-3 wp-has-aspect-ratio\"><div class=\"wp-block-embed__wrapper\">\n<iframe loading=\"lazy\" title=\"Ladino \u05dc\u05d0\u05d3\u05d9\u05e0\u05d5 : Charla de  dos ermanos \u05ea\u05d9\u05e2\u05d5\u05d3 \u05d3&quot;\u05e8 \u05d0\u05d9\u05e6\u05d9\u05e7 \u05dc\u05d5\u05d9\" width=\"474\" height=\"356\" src=\"https:\/\/www.youtube.com\/embed\/kSqmHnROUOY?feature=oembed\" frameborder=\"0\" allow=\"accelerometer; autoplay; clipboard-write; encrypted-media; gyroscope; picture-in-picture; web-share\" referrerpolicy=\"strict-origin-when-cross-origin\" allowfullscreen><\/iframe>\n<\/div><\/figure>\n\n\n\n<p>30. Ladino (Djudeo-Espanyol) Lesson\/Lecci\u00f3n 1 &#8211; K\u00e9n sos t\u00fa?<\/p>\n\n\n\n<figure class=\"wp-block-embed is-type-video is-provider-youtube wp-block-embed-youtube wp-embed-aspect-4-3 wp-has-aspect-ratio\"><div class=\"wp-block-embed__wrapper\">\n<iframe loading=\"lazy\" title=\"Ladino (Djudeo-Espanyol) Lesson\/Lecci\u00f3n 1 - K\u00e9n sos t\u00fa?\" width=\"474\" height=\"356\" src=\"https:\/\/www.youtube.com\/embed\/t4pX8zwjcdY?feature=oembed\" frameborder=\"0\" allow=\"accelerometer; autoplay; clipboard-write; encrypted-media; gyroscope; picture-in-picture; web-share\" referrerpolicy=\"strict-origin-when-cross-origin\" allowfullscreen><\/iframe>\n<\/div><\/figure>\n\n\n\n<p>31. Saved by Language<\/p>\n\n\n\n<figure class=\"wp-block-embed is-type-video is-provider-youtube wp-block-embed-youtube wp-embed-aspect-16-9 wp-has-aspect-ratio\"><div class=\"wp-block-embed__wrapper\">\n<iframe loading=\"lazy\" title=\"Saved by Language\" width=\"474\" height=\"267\" src=\"https:\/\/www.youtube.com\/embed\/R0qZYqb1OIU?feature=oembed\" frameborder=\"0\" allow=\"accelerometer; autoplay; clipboard-write; encrypted-media; gyroscope; picture-in-picture; web-share\" referrerpolicy=\"strict-origin-when-cross-origin\" allowfullscreen><\/iframe>\n<\/div><\/figure>\n\n\n\n<p>32. My Grandfather Speaking Ladino<\/p>\n\n\n\n<figure class=\"wp-block-embed is-type-video is-provider-youtube wp-block-embed-youtube wp-embed-aspect-16-9 wp-has-aspect-ratio\"><div class=\"wp-block-embed__wrapper\">\n<iframe loading=\"lazy\" title=\"My Grandfather Speaking Ladino\" width=\"474\" height=\"267\" src=\"https:\/\/www.youtube.com\/embed\/eIFYi1lPEKU?feature=oembed\" frameborder=\"0\" allow=\"accelerometer; autoplay; clipboard-write; encrypted-media; gyroscope; picture-in-picture; web-share\" referrerpolicy=\"strict-origin-when-cross-origin\" allowfullscreen><\/iframe>\n<\/div><\/figure>\n\n\n\n<p>33. Jojo Eskenazi&#8217;s attitudes to the heritage language in Judeo-Spanish of Istanbul VLACH ID-number: ladi1251TRV0015a<\/p>\n\n\n\n<figure class=\"wp-block-embed is-type-video is-provider-youtube wp-block-embed-youtube wp-embed-aspect-16-9 wp-has-aspect-ratio\"><div class=\"wp-block-embed__wrapper\">\n<iframe loading=\"lazy\" title=\"Which one is our language? - Judeo-Spanish Collection\" width=\"474\" height=\"267\" src=\"https:\/\/www.youtube.com\/embed\/YZ7GziwQFbw?feature=oembed\" frameborder=\"0\" allow=\"accelerometer; autoplay; clipboard-write; encrypted-media; gyroscope; picture-in-picture; web-share\" referrerpolicy=\"strict-origin-when-cross-origin\" allowfullscreen><\/iframe>\n<\/div><\/figure>\n\n\n\n<p>34. Jojo Eskenazi recalls how the Sephardic Jews used to spend their summer time on Florya Beach in Judeo-Spanish of Istanbul<\/p>\n\n\n\n<figure class=\"wp-block-embed is-type-video is-provider-youtube wp-block-embed-youtube wp-embed-aspect-16-9 wp-has-aspect-ratio\"><div class=\"wp-block-embed__wrapper\">\n<iframe loading=\"lazy\" title=\"From the beaches of Florya to the islands - Judeo-Spanish Collection\" width=\"474\" height=\"267\" src=\"https:\/\/www.youtube.com\/embed\/rkbjVRWngUg?feature=oembed\" frameborder=\"0\" allow=\"accelerometer; autoplay; clipboard-write; encrypted-media; gyroscope; picture-in-picture; web-share\" referrerpolicy=\"strict-origin-when-cross-origin\" allowfullscreen><\/iframe>\n<\/div><\/figure>\n\n\n\n<p>35. Fani Bonofiyel&#8217;s narrative about about her youthful love in Judeo-Spanish of Istanbul VLACH ID-number: ladi1251TRV0010a Description: With a lot of intensity and emotion, Fani Bonofyel recounts how she got to know her youthful love. She remembers with nostalgia her correspondence with the young Leon but also recalls the various obstacles and misadventures she and her love had to face before finally being able to live their romance and get married. Cite as: K\u00f3mo konos\u00ed a mi amor de mans\u00e9vez \u2013 How I got to know my youthful love; performer: Fani Bonofiyel, camera\/ interview: Ioana Nechiti, transcription\/ translation: Ioana Nechiti, Deyvi Papo, Imane Sghiouar, editor: Imane Sghiouar, retrieved from www.oeaw.ac.at\/VLACH, ID: ID-number ladi1251TRV0010a. You can access our Judeo-Spanish video\/audio\/transcription collection on our website: https:\/\/www.oeaw.ac.at\/de\/vlach\/corpu&#8230; About VLACH The Commission Vanishing Languages and Cultural Heritage (VLACH) aims to contribute to the academic knowledge of the world\u2019s linguistic diversity by investigating nondocumented and lesser-documented languages and varieties. VLACH is committed to develop strategies of language maintenance and to nurture cultural heritage in close collaboration with the diverse communities involved in the VLACH projects. To know more about VLACH visit: https:\/\/www.oeaw.ac.at\/vlach\/<\/p>\n\n\n\n<figure class=\"wp-block-embed is-type-video is-provider-youtube wp-block-embed-youtube wp-embed-aspect-16-9 wp-has-aspect-ratio\"><div class=\"wp-block-embed__wrapper\">\n<iframe loading=\"lazy\" title=\"How I got to know my youthful love - Judeo-Spanish Collection\" width=\"474\" height=\"267\" src=\"https:\/\/www.youtube.com\/embed\/9TOC_8u1sqE?feature=oembed\" frameborder=\"0\" allow=\"accelerometer; autoplay; clipboard-write; encrypted-media; gyroscope; picture-in-picture; web-share\" referrerpolicy=\"strict-origin-when-cross-origin\" allowfullscreen><\/iframe>\n<\/div><\/figure>\n\n\n\n<p>36. Seyfi \u0130\u015fman &#8211; Savor de Boka<\/p>\n\n\n\n<p>t\u00fcrk\u00e7e altyaz\u0131l\u0131:<\/p>\n\n\n\n<figure class=\"wp-block-embed\"><div class=\"wp-block-embed__wrapper\">\nhttps:\/\/youtu..be\/Ke5OYzXje64\n<\/div><\/figure>\n\n\n\n<p>ingilizce altyaz\u0131l\u0131:<\/p>\n\n\n\n<figure class=\"wp-block-embed is-type-video is-provider-youtube wp-block-embed-youtube wp-embed-aspect-4-3 wp-has-aspect-ratio\"><div class=\"wp-block-embed__wrapper\">\n<iframe loading=\"lazy\" title=\"The world of art\" width=\"474\" height=\"356\" src=\"https:\/\/www.youtube.com\/embed\/dT5v1GXGaGQ?feature=oembed\" frameborder=\"0\" allow=\"accelerometer; autoplay; clipboard-write; encrypted-media; gyroscope; picture-in-picture; web-share\" referrerpolicy=\"strict-origin-when-cross-origin\" allowfullscreen><\/iframe>\n<\/div><\/figure>\n\n\n\n<p>38. e-sefarad Unidos por el Ladino 2<\/p>\n\n\n\n<p>Los Bilbilikos<\/p>\n\n\n\n<figure class=\"wp-block-embed is-type-video is-provider-youtube wp-block-embed-youtube wp-embed-aspect-16-9 wp-has-aspect-ratio\"><div class=\"wp-block-embed__wrapper\">\n<iframe loading=\"lazy\" title=\"Unidos por el ladino #2 - Los bilbilikos\" width=\"474\" height=\"267\" src=\"https:\/\/www.youtube.com\/embed\/LDsizbcQ-BU?feature=oembed\" frameborder=\"0\" allow=\"accelerometer; autoplay; clipboard-write; encrypted-media; gyroscope; picture-in-picture; web-share\" referrerpolicy=\"strict-origin-when-cross-origin\" allowfullscreen><\/iframe>\n<\/div><\/figure>\n\n\n\n<p>39. e-sefarad Unidos por el Ladino 3<\/p>\n\n\n\n<p>Buena Semana<\/p>\n\n\n\n<figure class=\"wp-block-embed is-type-video is-provider-youtube wp-block-embed-youtube wp-embed-aspect-16-9 wp-has-aspect-ratio\"><div class=\"wp-block-embed__wrapper\">\n<iframe loading=\"lazy\" title=\"Unidos por el ladino #3 - Buena Semana\" width=\"474\" height=\"267\" src=\"https:\/\/www.youtube.com\/embed\/i6kGZaU6jDQ?feature=oembed\" frameborder=\"0\" allow=\"accelerometer; autoplay; clipboard-write; encrypted-media; gyroscope; picture-in-picture; web-share\" referrerpolicy=\"strict-origin-when-cross-origin\" allowfullscreen><\/iframe>\n<\/div><\/figure>\n\n\n\n<p>40.&nbsp; e-sefarad Unidos por el Ladino 1<\/p>\n\n\n\n<p>Esta Montanya<\/p>\n\n\n\n<figure class=\"wp-block-embed is-type-video is-provider-youtube wp-block-embed-youtube wp-embed-aspect-16-9 wp-has-aspect-ratio\"><div class=\"wp-block-embed__wrapper\">\n<iframe loading=\"lazy\" title=\"Unidos por el ladino #1 - Esta montanya d&#039;enfrente\" width=\"474\" height=\"267\" src=\"https:\/\/www.youtube.com\/embed\/iC_MnKRt1TE?feature=oembed\" frameborder=\"0\" allow=\"accelerometer; autoplay; clipboard-write; encrypted-media; gyroscope; picture-in-picture; web-share\" referrerpolicy=\"strict-origin-when-cross-origin\" allowfullscreen><\/iframe>\n<\/div><\/figure>\n\n\n\n<p>41. \u0130stanbul&#8217;un sesi &#8211; LPS<\/p>\n\n\n\n<figure class=\"wp-block-embed is-type-video is-provider-youtube wp-block-embed-youtube wp-embed-aspect-16-9 wp-has-aspect-ratio\"><div class=\"wp-block-embed__wrapper\">\n<iframe loading=\"lazy\" title=\"\u0130stanbul\u2019un Sesi \u201cBulu\u015fma\u201d\" width=\"474\" height=\"267\" src=\"https:\/\/www.youtube.com\/embed\/D12jGZ7Kta8?feature=oembed\" frameborder=\"0\" allow=\"accelerometer; autoplay; clipboard-write; encrypted-media; gyroscope; picture-in-picture; web-share\" referrerpolicy=\"strict-origin-when-cross-origin\" allowfullscreen><\/iframe>\n<\/div><\/figure>\n\n\n\n<p>42. Charla del CIDiCSef junto a Rachel Amado Bortnick, El Ladino y la vida en Izmir<\/p>\n\n\n\n<figure class=\"wp-block-embed is-type-video is-provider-youtube wp-block-embed-youtube wp-embed-aspect-16-9 wp-has-aspect-ratio\"><div class=\"wp-block-embed__wrapper\">\n<iframe loading=\"lazy\" title=\"Charla del CIDiCSef junto a Rachel Amado Bortnick, El Ladino y la vida en Izmir\" width=\"474\" height=\"267\" src=\"https:\/\/www.youtube.com\/embed\/-0PNEZUs5a0?feature=oembed\" frameborder=\"0\" allow=\"accelerometer; autoplay; clipboard-write; encrypted-media; gyroscope; picture-in-picture; web-share\" referrerpolicy=\"strict-origin-when-cross-origin\" allowfullscreen><\/iframe>\n<\/div><\/figure>\n\n\n\n<p>43. \u015eALOM TV LISYONES DE JUDEO-ESPANYOL (kon eksplikasyones en Turko):<\/p>\n\n\n\n<p>Primera lisyon:<\/p>\n\n\n\n<figure class=\"wp-block-embed is-type-video is-provider-youtube wp-block-embed-youtube wp-embed-aspect-16-9 wp-has-aspect-ratio\"><div class=\"wp-block-embed__wrapper\">\n<iframe loading=\"lazy\" title=\"Karen Sarhon ile Ladino Dersleri - 1. Ders - El Empesijo (Ba\u015flang\u0131\u00e7)\" width=\"474\" height=\"267\" src=\"https:\/\/www.youtube.com\/embed\/qHmGyV9cVD0?feature=oembed\" frameborder=\"0\" allow=\"accelerometer; autoplay; clipboard-write; encrypted-media; gyroscope; picture-in-picture; web-share\" referrerpolicy=\"strict-origin-when-cross-origin\" allowfullscreen><\/iframe>\n<\/div><\/figure>\n\n\n\n<p>Segunda lisyon:<\/p>\n\n\n\n<figure class=\"wp-block-embed is-type-video is-provider-youtube wp-block-embed-youtube wp-embed-aspect-16-9 wp-has-aspect-ratio\"><div class=\"wp-block-embed__wrapper\">\n<iframe loading=\"lazy\" title=\"Karen Sarhon ile Ladino Dersleri -2. Ders - Lisyon #2\" width=\"474\" height=\"267\" src=\"https:\/\/www.youtube.com\/embed\/tKTKo5J3sgQ?feature=oembed\" frameborder=\"0\" allow=\"accelerometer; autoplay; clipboard-write; encrypted-media; gyroscope; picture-in-picture; web-share\" referrerpolicy=\"strict-origin-when-cross-origin\" allowfullscreen><\/iframe>\n<\/div><\/figure>\n\n\n\n<p>Tresera lisyon:<\/p>\n\n\n\n<figure class=\"wp-block-embed is-type-video is-provider-youtube wp-block-embed-youtube wp-embed-aspect-16-9 wp-has-aspect-ratio\"><div class=\"wp-block-embed__wrapper\">\n<iframe loading=\"lazy\" title=\"Karen Sarhon ile Ladino Dersleri - 3. Ders - Lisyon #3\" width=\"474\" height=\"267\" src=\"https:\/\/www.youtube.com\/embed\/QlL4wn_j5N8?feature=oembed\" frameborder=\"0\" allow=\"accelerometer; autoplay; clipboard-write; encrypted-media; gyroscope; picture-in-picture; web-share\" referrerpolicy=\"strict-origin-when-cross-origin\" allowfullscreen><\/iframe>\n<\/div><\/figure>\n\n\n\n<p>Kuatrena Lisyon:<\/p>\n\n\n\n<figure class=\"wp-block-embed is-type-video is-provider-youtube wp-block-embed-youtube wp-embed-aspect-16-9 wp-has-aspect-ratio\"><div class=\"wp-block-embed__wrapper\">\n<iframe loading=\"lazy\" title=\"Karen Sarhon ile Ladino Dersleri - 4. Ders - Lisyon #4\" width=\"474\" height=\"267\" src=\"https:\/\/www.youtube.com\/embed\/Ts308xm_RrA?feature=oembed\" frameborder=\"0\" allow=\"accelerometer; autoplay; clipboard-write; encrypted-media; gyroscope; picture-in-picture; web-share\" referrerpolicy=\"strict-origin-when-cross-origin\" allowfullscreen><\/iframe>\n<\/div><\/figure>\n\n\n\n<p>Sinkena Lisyon:<\/p>\n\n\n\n<figure class=\"wp-block-embed is-type-video is-provider-youtube wp-block-embed-youtube wp-embed-aspect-16-9 wp-has-aspect-ratio\"><div class=\"wp-block-embed__wrapper\">\n<iframe loading=\"lazy\" title=\"Karen Sarhon ile Ladino Dersleri - 5. Ders - Lisyon #5\" width=\"474\" height=\"267\" src=\"https:\/\/www.youtube.com\/embed\/QbBSpE3rd2g?feature=oembed\" frameborder=\"0\" allow=\"accelerometer; autoplay; clipboard-write; encrypted-media; gyroscope; picture-in-picture; web-share\" referrerpolicy=\"strict-origin-when-cross-origin\" allowfullscreen><\/iframe>\n<\/div><\/figure>\n\n\n\n<p>Sejena Lisyon:<\/p>\n\n\n\n<figure class=\"wp-block-embed is-type-video is-provider-youtube wp-block-embed-youtube wp-embed-aspect-16-9 wp-has-aspect-ratio\"><div class=\"wp-block-embed__wrapper\">\n<iframe loading=\"lazy\" title=\"Karen Sarhon ile Ladino Dersleri - 6. Ders - Lisyon #6\" width=\"474\" height=\"267\" src=\"https:\/\/www.youtube.com\/embed\/cfXszAhc59k?feature=oembed\" frameborder=\"0\" allow=\"accelerometer; autoplay; clipboard-write; encrypted-media; gyroscope; picture-in-picture; web-share\" referrerpolicy=\"strict-origin-when-cross-origin\" allowfullscreen><\/iframe>\n<\/div><\/figure>\n\n\n\n<p>Sietena Lisyon:<\/p>\n\n\n\n<figure class=\"wp-block-embed is-type-video is-provider-youtube wp-block-embed-youtube wp-embed-aspect-16-9 wp-has-aspect-ratio\"><div class=\"wp-block-embed__wrapper\">\n<iframe loading=\"lazy\" title=\"Karen Sarhon ile Ladino Dersleri - 7. Ders - Lisyon #7\" width=\"474\" height=\"267\" src=\"https:\/\/www.youtube.com\/embed\/9glGBhVy240?feature=oembed\" frameborder=\"0\" allow=\"accelerometer; autoplay; clipboard-write; encrypted-media; gyroscope; picture-in-picture; web-share\" referrerpolicy=\"strict-origin-when-cross-origin\" allowfullscreen><\/iframe>\n<\/div><\/figure>\n\n\n\n<p>Ochena Lisyon:<\/p>\n\n\n\n<figure class=\"wp-block-embed is-type-video is-provider-youtube wp-block-embed-youtube wp-embed-aspect-16-9 wp-has-aspect-ratio\"><div class=\"wp-block-embed__wrapper\">\n<iframe loading=\"lazy\" title=\"Karen Sarhon ile Ladino Dersleri - 8. Ders - Lisyon #8\" width=\"474\" height=\"267\" src=\"https:\/\/www.youtube.com\/embed\/HNwIpcO6sao?feature=oembed\" frameborder=\"0\" allow=\"accelerometer; autoplay; clipboard-write; encrypted-media; gyroscope; picture-in-picture; web-share\" referrerpolicy=\"strict-origin-when-cross-origin\" allowfullscreen><\/iframe>\n<\/div><\/figure>\n\n\n\n<p>Muevena Lisyon:<\/p>\n\n\n\n<figure class=\"wp-block-embed is-type-video is-provider-youtube wp-block-embed-youtube wp-embed-aspect-16-9 wp-has-aspect-ratio\"><div class=\"wp-block-embed__wrapper\">\n<iframe loading=\"lazy\" title=\"Karen Sarhon ile Ladino Dersleri - 9. Ders - Lisyon #9\" width=\"474\" height=\"267\" src=\"https:\/\/www.youtube.com\/embed\/P4tFG_HQFsA?feature=oembed\" frameborder=\"0\" allow=\"accelerometer; autoplay; clipboard-write; encrypted-media; gyroscope; picture-in-picture; web-share\" referrerpolicy=\"strict-origin-when-cross-origin\" allowfullscreen><\/iframe>\n<\/div><\/figure>\n\n\n\n<p>Diezena Lisyon:<\/p>\n\n\n\n<figure class=\"wp-block-embed is-type-video is-provider-youtube wp-block-embed-youtube wp-embed-aspect-16-9 wp-has-aspect-ratio\"><div class=\"wp-block-embed__wrapper\">\n<iframe loading=\"lazy\" title=\"Karen Sarhon ile Ladino Dersleri - 10. Ders - Lisyon #10\" width=\"474\" height=\"267\" src=\"https:\/\/www.youtube.com\/embed\/-baOhjcH2S4?feature=oembed\" frameborder=\"0\" allow=\"accelerometer; autoplay; clipboard-write; encrypted-media; gyroscope; picture-in-picture; web-share\" referrerpolicy=\"strict-origin-when-cross-origin\" allowfullscreen><\/iframe>\n<\/div><\/figure>\n\n\n\n<p>44. Dia de Amor &#8211; Tu Be Av en Zoom<\/p>\n\n\n\n<figure class=\"wp-block-embed is-type-video is-provider-youtube wp-block-embed-youtube wp-embed-aspect-16-9 wp-has-aspect-ratio\"><div class=\"wp-block-embed__wrapper\">\n<iframe loading=\"lazy\" title=\"Enkontro de amor\" width=\"474\" height=\"267\" src=\"https:\/\/www.youtube.com\/embed\/M8dcv3MXGnc?feature=oembed\" frameborder=\"0\" allow=\"accelerometer; autoplay; clipboard-write; encrypted-media; gyroscope; picture-in-picture; web-share\" referrerpolicy=\"strict-origin-when-cross-origin\" allowfullscreen><\/iframe>\n<\/div><\/figure>\n\n\n\n<p>45. Dokumentaryo de MoviStar, Espanya<\/p>\n\n\n\n<figure class=\"wp-block-embed is-type-video is-provider-youtube wp-block-embed-youtube wp-embed-aspect-16-9 wp-has-aspect-ratio\"><div class=\"wp-block-embed__wrapper\">\n<iframe loading=\"lazy\" title=\"Dokumentaryo de Movistar en Estambol\" width=\"474\" height=\"267\" src=\"https:\/\/www.youtube.com\/embed\/bFpGxzk5DJ4?feature=oembed\" frameborder=\"0\" allow=\"accelerometer; autoplay; clipboard-write; encrypted-media; gyroscope; picture-in-picture; web-share\" referrerpolicy=\"strict-origin-when-cross-origin\" allowfullscreen><\/iframe>\n<\/div><\/figure>\n\n\n\n<p>46. KIVUNIM -1<\/p>\n\n\n\n<figure class=\"wp-block-embed is-type-video is-provider-youtube wp-block-embed-youtube wp-embed-aspect-4-3 wp-has-aspect-ratio\"><div class=\"wp-block-embed__wrapper\">\n<iframe loading=\"lazy\" title=\"SUMMER EXPLORATIONS: Karen \u015earhon\" width=\"474\" height=\"356\" src=\"https:\/\/www.youtube.com\/embed\/6BMdGXbln3s?feature=oembed\" frameborder=\"0\" allow=\"accelerometer; autoplay; clipboard-write; encrypted-media; gyroscope; picture-in-picture; web-share\" referrerpolicy=\"strict-origin-when-cross-origin\" allowfullscreen><\/iframe>\n<\/div><\/figure>\n\n\n\n<p>47. KIVUNIM &#8211; 2<\/p>\n\n\n\n<figure class=\"wp-block-embed is-type-video is-provider-youtube wp-block-embed-youtube wp-embed-aspect-4-3 wp-has-aspect-ratio\"><div class=\"wp-block-embed__wrapper\">\n<iframe loading=\"lazy\" title=\"SUMMER EXPLORATIONS: Karen \u015earhon\" width=\"474\" height=\"356\" src=\"https:\/\/www.youtube.com\/embed\/Vg560B1OHlY?feature=oembed\" frameborder=\"0\" allow=\"accelerometer; autoplay; clipboard-write; encrypted-media; gyroscope; picture-in-picture; web-share\" referrerpolicy=\"strict-origin-when-cross-origin\" allowfullscreen><\/iframe>\n<\/div><\/figure>\n\n\n\n<p>48.1 ENKONTROS DE ALHAD &#8211; 1 MUSAFIRES I BALABAYES<\/p>\n\n\n\n<figure class=\"wp-block-embed is-type-video is-provider-youtube wp-block-embed-youtube wp-embed-aspect-16-9 wp-has-aspect-ratio\"><div class=\"wp-block-embed__wrapper\">\n<iframe loading=\"lazy\" title=\"ENKONTROS DE ALHAD - Musafires y Balabayes\" width=\"474\" height=\"267\" src=\"https:\/\/www.youtube.com\/embed\/vpMitmZD8LI?feature=oembed\" frameborder=\"0\" allow=\"accelerometer; autoplay; clipboard-write; encrypted-media; gyroscope; picture-in-picture; web-share\" referrerpolicy=\"strict-origin-when-cross-origin\" allowfullscreen><\/iframe>\n<\/div><\/figure>\n\n\n\n<p>48.2. ENKONTROS DE ALHAD &#8211; 2 RACHEL BORTNICK &amp; MOSHE SHAUL<\/p>\n\n\n\n<figure class=\"wp-block-embed is-type-video is-provider-youtube wp-block-embed-youtube wp-embed-aspect-16-9 wp-has-aspect-ratio\"><div class=\"wp-block-embed__wrapper\">\n<iframe loading=\"lazy\" title=\"ENKONTROS DE ALHAD Rachel Amado Bortnick entrevista a Moshe Shaul\" width=\"474\" height=\"267\" src=\"https:\/\/www.youtube.com\/embed\/ZBgR-fnMss8?feature=oembed\" frameborder=\"0\" allow=\"accelerometer; autoplay; clipboard-write; encrypted-media; gyroscope; picture-in-picture; web-share\" referrerpolicy=\"strict-origin-when-cross-origin\" allowfullscreen><\/iframe>\n<\/div><\/figure>\n\n\n\n<p>48.3. ENKONTROS DE ALHAD &#8211; KAREN SARHON &amp; SILVYO OVADYA: MUZEO DJUDYO DE ESTAMBOL<\/p>\n\n\n\n<figure class=\"wp-block-embed is-type-video is-provider-youtube wp-block-embed-youtube wp-embed-aspect-16-9 wp-has-aspect-ratio\"><div class=\"wp-block-embed__wrapper\">\n<iframe loading=\"lazy\" title=\"ENKONTROS DE ALHAD &quot; EL MUZEO DJUDIO DE ESTAMBOL&quot; KAREN SHARHON - SILVYO OVADIA\" width=\"474\" height=\"267\" src=\"https:\/\/www.youtube.com\/embed\/ckY9fhOy0UU?feature=oembed\" frameborder=\"0\" allow=\"accelerometer; autoplay; clipboard-write; encrypted-media; gyroscope; picture-in-picture; web-share\" referrerpolicy=\"strict-origin-when-cross-origin\" allowfullscreen><\/iframe>\n<\/div><\/figure>\n\n\n\n<p>48.4. ENKONTROS DE ALHAD &#8211; BRYAN KIRSCHEN &amp; JOE HALIO: DE DOR EN DOR EL LADINO EN LOS ESTADOS UNIDOS<\/p>\n\n\n\n<figure class=\"wp-block-embed is-type-video is-provider-youtube wp-block-embed-youtube wp-embed-aspect-16-9 wp-has-aspect-ratio\"><div class=\"wp-block-embed__wrapper\">\n<iframe loading=\"lazy\" title=\"ENKONTROS DE ALHAD &quot; DE DOR EN DOR: EL LADINO EN LOS ESTADOS UNIDOS - BRYAN KIRSCHEN - Dr. JOE HALIO\" width=\"474\" height=\"267\" src=\"https:\/\/www.youtube.com\/embed\/M3oW9wZqt_k?feature=oembed\" frameborder=\"0\" allow=\"accelerometer; autoplay; clipboard-write; encrypted-media; gyroscope; picture-in-picture; web-share\" referrerpolicy=\"strict-origin-when-cross-origin\" allowfullscreen><\/iframe>\n<\/div><\/figure>\n\n\n\n<p>48.5. ENKONTROS DE ALHAD &#8211; SHMUEL REFAEL &amp; ORA SCHWARZWALD: AKADEMIA NASYONAL DEL LADINO<\/p>\n\n\n\n<figure class=\"wp-block-embed is-type-video is-provider-youtube wp-block-embed-youtube wp-embed-aspect-16-9 wp-has-aspect-ratio\"><div class=\"wp-block-embed__wrapper\">\n<iframe loading=\"lazy\" title=\"ENKONTROS DE ALHAD &quot;MUEVA AKADEMIA NASIONALA DEL LADINO&quot;  SHMUEL REFAEL - Prof. ORA SCHWARZWALD\" width=\"474\" height=\"267\" src=\"https:\/\/www.youtube.com\/embed\/fMGcDVvEuLE?feature=oembed\" frameborder=\"0\" allow=\"accelerometer; autoplay; clipboard-write; encrypted-media; gyroscope; picture-in-picture; web-share\" referrerpolicy=\"strict-origin-when-cross-origin\" allowfullscreen><\/iframe>\n<\/div><\/figure>\n\n\n\n<p>48.6. ENKONTROS DE ALHAD &#8211; LILIANA BENVENISTE &amp; ALEGRA AMADO KON KOBI ZARKO: RADIO KAN LADINO EN ISRAEL<\/p>\n\n\n\n<figure class=\"wp-block-embed is-type-video is-provider-youtube wp-block-embed-youtube wp-embed-aspect-16-9 wp-has-aspect-ratio\"><div class=\"wp-block-embed__wrapper\">\n<iframe loading=\"lazy\" title=\"ENKONTROS DE ALHAD - LILIANA BENVENISTE (CCS), ALEGRA AMADO i KOBI ZARKO\" width=\"474\" height=\"267\" src=\"https:\/\/www.youtube.com\/embed\/6l-oJPicb6k?feature=oembed\" frameborder=\"0\" allow=\"accelerometer; autoplay; clipboard-write; encrypted-media; gyroscope; picture-in-picture; web-share\" referrerpolicy=\"strict-origin-when-cross-origin\" allowfullscreen><\/iframe>\n<\/div><\/figure>\n\n\n\n<p>48.7. ENKONTROS DE ALHAD &#8211; JENNY LANEURIE &amp; FRAN\u00c7OIS AZAR LIVROS I PUBLIKASYONES EN JUDEO-ESPANYOL<\/p>\n\n\n\n<figure class=\"wp-block-embed is-type-video is-provider-youtube wp-block-embed-youtube wp-embed-aspect-16-9 wp-has-aspect-ratio\"><div class=\"wp-block-embed__wrapper\">\n<iframe loading=\"lazy\" title=\"ENKONTROS DE ALHAD - LIVROS I PUBLIKASIONES EN DJUDEO-ESPANYOL\" width=\"474\" height=\"267\" src=\"https:\/\/www.youtube.com\/embed\/N0DJFzD11Us?feature=oembed\" frameborder=\"0\" allow=\"accelerometer; autoplay; clipboard-write; encrypted-media; gyroscope; picture-in-picture; web-share\" referrerpolicy=\"strict-origin-when-cross-origin\" allowfullscreen><\/iframe>\n<\/div><\/figure>\n\n\n\n<p>48.8. ENKONTROS DE ALHAD &#8211;&nbsp; TAMAR ALEXANDER &amp; KOBI ZARCO: ENTRE KANTES I REFRANES<\/p>\n\n\n\n<figure class=\"wp-block-embed is-type-video is-provider-youtube wp-block-embed-youtube wp-embed-aspect-16-9 wp-has-aspect-ratio\"><div class=\"wp-block-embed__wrapper\">\n<iframe loading=\"lazy\" title=\"ENKONTROS DE ALHAD - ENTRE KANTES I REFRANES\" width=\"474\" height=\"267\" src=\"https:\/\/www.youtube.com\/embed\/ptcMOZK0fug?feature=oembed\" frameborder=\"0\" allow=\"accelerometer; autoplay; clipboard-write; encrypted-media; gyroscope; picture-in-picture; web-share\" referrerpolicy=\"strict-origin-when-cross-origin\" allowfullscreen><\/iframe>\n<\/div><\/figure>\n\n\n\n<p>48.9. ENKONTROS DE ALHAD &#8211;&nbsp; ELIEZER PAPO &amp; KATYA SHMIDT LO KE MELDAVAN MUESTROS PADRES<\/p>\n\n\n\n<figure class=\"wp-block-embed is-type-video is-provider-youtube wp-block-embed-youtube wp-embed-aspect-16-9 wp-has-aspect-ratio\"><div class=\"wp-block-embed__wrapper\">\n<iframe loading=\"lazy\" title=\"ENKONTROS DE ALHAD :: Lo ke meldavan muestro padres: Literatura sefaradi tradisionala\" width=\"474\" height=\"267\" src=\"https:\/\/www.youtube.com\/embed\/sHkeMwN--n0?feature=oembed\" frameborder=\"0\" allow=\"accelerometer; autoplay; clipboard-write; encrypted-media; gyroscope; picture-in-picture; web-share\" referrerpolicy=\"strict-origin-when-cross-origin\" allowfullscreen><\/iframe>\n<\/div><\/figure>\n\n\n\n<p>48.10. ENKONTROS DE ALHAD &#8211;&nbsp; RAV NISSIM ELNECAVE &amp; HAZAN ISAAC AZOSE:<\/p>\n\n\n\n<figure class=\"wp-block-embed is-type-video is-provider-youtube wp-block-embed-youtube wp-embed-aspect-16-9 wp-has-aspect-ratio\"><div class=\"wp-block-embed__wrapper\">\n<iframe loading=\"lazy\" title=\"ENKONTROS DE ALHAD - Rav Elnecave con Hazan Azose\" width=\"474\" height=\"267\" src=\"https:\/\/www.youtube.com\/embed\/1sAknTzK9a8?list=PLFJlHs1AE7pWOABnaTrjLMMQStJhJ8kwO\" frameborder=\"0\" allow=\"accelerometer; autoplay; clipboard-write; encrypted-media; gyroscope; picture-in-picture; web-share\" referrerpolicy=\"strict-origin-when-cross-origin\" allowfullscreen><\/iframe>\n<\/div><\/figure>\n\n\n\n<p>48.11. ENKONTROS DE ALHAD &#8211;&nbsp; KAREN SARHON &amp; S\u00dcZET HERMAN: KONTAREMOS I KANTAREMOS<\/p>\n\n\n\n<figure class=\"wp-block-embed is-type-video is-provider-youtube wp-block-embed-youtube wp-embed-aspect-16-9 wp-has-aspect-ratio\"><div class=\"wp-block-embed__wrapper\">\n<iframe loading=\"lazy\" title=\"ENKONTROS DE ALHAD :: KONTAREMOS I KANTAREMOS con Karen Sharhon i Suzet Herman\" width=\"474\" height=\"267\" src=\"https:\/\/www.youtube.com\/embed\/quRlF62xeTM?feature=oembed\" frameborder=\"0\" allow=\"accelerometer; autoplay; clipboard-write; encrypted-media; gyroscope; picture-in-picture; web-share\" referrerpolicy=\"strict-origin-when-cross-origin\" allowfullscreen><\/iframe>\n<\/div><\/figure>\n\n\n\n<p>48.12. ENKONTROS DE ALHAD &#8211;&nbsp; RACHEL BORTNICK &amp; ROZ KOHEN: ESTAMBOL DJUDYO 15 NOVEMBRE 2020<\/p>\n\n\n\n<figure class=\"wp-block-embed is-type-video is-provider-youtube wp-block-embed-youtube wp-embed-aspect-16-9 wp-has-aspect-ratio\"><div class=\"wp-block-embed__wrapper\">\n<iframe loading=\"lazy\" title=\"ENKONTROS DE ALHAD - Rachel Amado Bortnik kon Roz Kohen: &quot;Estambol Djudyo&quot;\" width=\"474\" height=\"267\" src=\"https:\/\/www.youtube.com\/embed\/likJcNNGF58?feature=oembed\" frameborder=\"0\" allow=\"accelerometer; autoplay; clipboard-write; encrypted-media; gyroscope; picture-in-picture; web-share\" referrerpolicy=\"strict-origin-when-cross-origin\" allowfullscreen><\/iframe>\n<\/div><\/figure>\n\n\n\n<p>48.13. ENKONTROS DE ALHAD &#8211;&nbsp; LILIANA BENVENISTE &amp; DEVIN NAAR: DESDE SALONIKA A SIATLI &#8211; DEL PASADO AL AVENIR<\/p>\n\n\n\n<figure class=\"wp-block-embed is-type-video is-provider-youtube wp-block-embed-youtube wp-embed-aspect-16-9 wp-has-aspect-ratio\"><div class=\"wp-block-embed__wrapper\">\n<iframe loading=\"lazy\" title=\"ENKONTROS DE ALHAD Liliana Benveniste con Devin Naar: \u201cDezde Salonika a Siatli\u201d\" width=\"474\" height=\"267\" src=\"https:\/\/www.youtube.com\/embed\/2_IXFAQ8UN0?feature=oembed\" frameborder=\"0\" allow=\"accelerometer; autoplay; clipboard-write; encrypted-media; gyroscope; picture-in-picture; web-share\" referrerpolicy=\"strict-origin-when-cross-origin\" allowfullscreen><\/iframe>\n<\/div><\/figure>\n\n\n\n<p>48.14. ENKONTROS DE ALHAD &#8211; SHMUEL REFAEL &amp; SELIM SALTI EL AMOR POR EL LADINO 29 NOVEMBRE 2020<\/p>\n\n\n\n<figure class=\"wp-block-embed is-type-video is-provider-youtube wp-block-embed-youtube wp-embed-aspect-16-9 wp-has-aspect-ratio\"><div class=\"wp-block-embed__wrapper\">\n<iframe loading=\"lazy\" title=\"ENKONTROS DE ALHAD - Shmuel Refael kon Selim Salti\" width=\"474\" height=\"267\" src=\"https:\/\/www.youtube.com\/embed\/3NENWevYUKg?feature=oembed\" frameborder=\"0\" allow=\"accelerometer; autoplay; clipboard-write; encrypted-media; gyroscope; picture-in-picture; web-share\" referrerpolicy=\"strict-origin-when-cross-origin\" allowfullscreen><\/iframe>\n<\/div><\/figure>\n\n\n\n<p>48.15 ENKONTROS DE ALHAD: BRYAN KIRSCHEN &amp; ALICIA SISSO RAZ MOABET EN HAKETIA, EL JUDEO-ESPANYOL DE MAROKO<\/p>\n\n\n\n<figure class=\"wp-block-embed is-type-video is-provider-youtube wp-block-embed-youtube wp-embed-aspect-16-9 wp-has-aspect-ratio\"><div class=\"wp-block-embed__wrapper\">\n<iframe loading=\"lazy\" title=\"ENKONTROS DE ALHAD Bryan Kirschen Alicia Sisso Raz: Moabet en haketia: el djudeoespanyol del Maroko\" width=\"474\" height=\"267\" src=\"https:\/\/www.youtube.com\/embed\/YPckO0QYYMc?feature=oembed\" frameborder=\"0\" allow=\"accelerometer; autoplay; clipboard-write; encrypted-media; gyroscope; picture-in-picture; web-share\" referrerpolicy=\"strict-origin-when-cross-origin\" allowfullscreen><\/iframe>\n<\/div><\/figure>\n\n\n\n<p>48.16 ENKONTROS DE ALHAD: JENNY LANEURIE &amp; EDMOND COHEN &amp; MATHILDE PESSAH, EL MEMORIAL DE LOS JUDEO-ESPANYOLES DEPORTADOS DE FRANSIA<\/p>\n\n\n\n<figure class=\"wp-block-embed is-type-video is-provider-youtube wp-block-embed-youtube wp-embed-aspect-16-9 wp-has-aspect-ratio\"><div class=\"wp-block-embed__wrapper\">\n<iframe loading=\"lazy\" title=\"ENKONTROS DE ALHAD Jenny Laneurie con Edmond Koen y Mathilde Pessah: \u201cEl Memorial...\u201d\" width=\"474\" height=\"267\" src=\"https:\/\/www.youtube.com\/embed\/hxUKsj_X8H4?list=PLFJlHs1AE7pWOABnaTrjLMMQStJhJ8kwO\" frameborder=\"0\" allow=\"accelerometer; autoplay; clipboard-write; encrypted-media; gyroscope; picture-in-picture; web-share\" referrerpolicy=\"strict-origin-when-cross-origin\" allowfullscreen><\/iframe>\n<\/div><\/figure>\n\n\n\n<p>48.17 ENKONTROS DE ALHAD: ELIEZER PAPO &amp; KAREN SARHON.<\/p>\n\n\n\n<p>MUESTRA DEVIZA? KARAS DE RIZA, EL UMOR EN LA KULTURA SEFARADI<\/p>\n\n\n\n<figure class=\"wp-block-embed is-type-video is-provider-youtube wp-block-embed-youtube wp-embed-aspect-16-9 wp-has-aspect-ratio\"><div class=\"wp-block-embed__wrapper\">\n<iframe loading=\"lazy\" title=\"ENKONTROS DE ALHAD Eliezer Pappo con Karen Sharhon: \u201cEl umor en la kultura sefaradi\u201d\" width=\"474\" height=\"267\" src=\"https:\/\/www.youtube.com\/embed\/AtYa2SHwI84?feature=oembed\" frameborder=\"0\" allow=\"accelerometer; autoplay; clipboard-write; encrypted-media; gyroscope; picture-in-picture; web-share\" referrerpolicy=\"strict-origin-when-cross-origin\" allowfullscreen><\/iframe>\n<\/div><\/figure>\n\n\n\n<p>48.18 ENKONTROS DE ALHAD: TAMAR ALEXANDER &amp; ELIEZER PAPO, &#8220;LOS PREKANTES i LA TRADISON KURANDERA&#8221;<\/p>\n\n\n\n<figure class=\"wp-block-embed is-type-video is-provider-youtube wp-block-embed-youtube wp-embed-aspect-16-9 wp-has-aspect-ratio\"><div class=\"wp-block-embed__wrapper\">\n<iframe loading=\"lazy\" title=\"ENKONTROS DE ALHAD TAMAR ALEXANDER (ANL) y ELIEZER PAPO (CMG) &quot;LOS PREKANTES i LA TRADISON KURANDER&quot;\" width=\"474\" height=\"267\" src=\"https:\/\/www.youtube.com\/embed\/gaorjDrMmM4?feature=oembed\" frameborder=\"0\" allow=\"accelerometer; autoplay; clipboard-write; encrypted-media; gyroscope; picture-in-picture; web-share\" referrerpolicy=\"strict-origin-when-cross-origin\" allowfullscreen><\/iframe>\n<\/div><\/figure>\n\n\n\n<p>48.19 ENKONTROS DE ALHAD Devin Naar (ANL) i el Dr. Izo Abram: \u201cLOS ARCHIVOS DE SALONIKO\u201d<\/p>\n\n\n\n<figure class=\"wp-block-embed is-type-video is-provider-youtube wp-block-embed-youtube wp-embed-aspect-16-9 wp-has-aspect-ratio\"><div class=\"wp-block-embed__wrapper\">\n<iframe loading=\"lazy\" title=\"ENKONTROS DE ALHAD Devin Naar (ANL) i el Dr. Izo Abram: \u201cLOS ARCHIVOS DE SALONIKO\u201d\" width=\"474\" height=\"267\" src=\"https:\/\/www.youtube.com\/embed\/2kQre6LWYBQ?feature=oembed\" frameborder=\"0\" allow=\"accelerometer; autoplay; clipboard-write; encrypted-media; gyroscope; picture-in-picture; web-share\" referrerpolicy=\"strict-origin-when-cross-origin\" allowfullscreen><\/iframe>\n<\/div><\/figure>\n\n\n\n<p>48.20&nbsp; ENKONTROS DE ALHAD Rav. NISSIM ELNECAVE (Ermandad) i IZZET BANA (Estreyikas): \u201cESTREYIKAS DEL MUNDO\u201d<\/p>\n\n\n\n<figure class=\"wp-block-embed is-type-video is-provider-youtube wp-block-embed-youtube wp-embed-aspect-16-9 wp-has-aspect-ratio\"><div class=\"wp-block-embed__wrapper\">\n<iframe loading=\"lazy\" title=\"ENKONTROS DE ALHAD Rav. NISSIM ELNECAVE (Ermandad) i IZZET BANA (Estreyikas): \u201cESTREYIKAS DEL MUNDO\u201d\" width=\"474\" height=\"267\" src=\"https:\/\/www.youtube.com\/embed\/XWUXk0ht_kI?feature=oembed\" frameborder=\"0\" allow=\"accelerometer; autoplay; clipboard-write; encrypted-media; gyroscope; picture-in-picture; web-share\" referrerpolicy=\"strict-origin-when-cross-origin\" allowfullscreen><\/iframe>\n<\/div><\/figure>\n\n\n\n<p>48.21 ENKONTROS DE ALHAD: Rachel Bortnick &amp; Nissim Bencuya<\/p>\n\n\n\n<figure class=\"wp-block-embed is-type-video is-provider-youtube wp-block-embed-youtube wp-embed-aspect-16-9 wp-has-aspect-ratio\"><div class=\"wp-block-embed__wrapper\">\n<iframe loading=\"lazy\" title=\"ENKONTROS DE ALHAD RACHEL AMADO BORTNICK (Ladinokomu) i NISSIM BENJOYA: \u201cERENSYA DJUDIA DE IZMIR\u201d\" width=\"474\" height=\"267\" src=\"https:\/\/www.youtube.com\/embed\/qYvw4lUqzBA?feature=oembed\" frameborder=\"0\" allow=\"accelerometer; autoplay; clipboard-write; encrypted-media; gyroscope; picture-in-picture; web-share\" referrerpolicy=\"strict-origin-when-cross-origin\" allowfullscreen><\/iframe>\n<\/div><\/figure>\n\n\n\n<p>ERENSYA JUDIA DE IZMIR DEL PASADO AL AVENIR&nbsp;<\/p>\n\n\n\n<p>48.22 ENKONTROS DE ALHAD: KAREN SARHON &amp; FORTI BAROKAS: AMOR POR EL TEATRO 24 ENERO 2021<\/p>\n\n\n\n<figure class=\"wp-block-embed is-type-video is-provider-youtube wp-block-embed-youtube wp-embed-aspect-16-9 wp-has-aspect-ratio\"><div class=\"wp-block-embed__wrapper\">\n<iframe loading=\"lazy\" title=\"ENKONTROS DE ALHAD Karen Sharhon (Estambul) i Forti Barokas: \u201cAMOR POR EL TEATRO\u201d\" width=\"474\" height=\"267\" src=\"https:\/\/www.youtube.com\/embed\/j55iEvv2YXE?feature=oembed\" frameborder=\"0\" allow=\"accelerometer; autoplay; clipboard-write; encrypted-media; gyroscope; picture-in-picture; web-share\" referrerpolicy=\"strict-origin-when-cross-origin\" allowfullscreen><\/iframe>\n<\/div><\/figure>\n\n\n\n<p>48.23 ENKONTROS DE ALHAD: BRYAN KIRSCHEN &amp; DAISY BRAVERMAN&nbsp; GLORIA ASHER: AMBEZAR EL LADINO 31 ENERO 2021<\/p>\n\n\n\n<figure class=\"wp-block-embed is-type-video is-provider-youtube wp-block-embed-youtube wp-embed-aspect-16-9 wp-has-aspect-ratio\"><div class=\"wp-block-embed__wrapper\">\n<iframe loading=\"lazy\" title=\"ENKONTROS DE ALHAD: Bryan Kirschen, Daisy Braverman i Gloria Asher: Ambezar el Ladino\" width=\"474\" height=\"267\" src=\"https:\/\/www.youtube.com\/embed\/8u3zlW1peNc?feature=oembed\" frameborder=\"0\" allow=\"accelerometer; autoplay; clipboard-write; encrypted-media; gyroscope; picture-in-picture; web-share\" referrerpolicy=\"strict-origin-when-cross-origin\" allowfullscreen><\/iframe>\n<\/div><\/figure>\n\n\n\n<p>48.24 ENKONTROS DE ALHAD: RACHEL BORTNICK &amp; NISSIM BENCUYA: ERENSYA JUDIA DE IZMIR (PARTE 2) 7 FEBRERO 2021<\/p>\n\n\n\n<figure class=\"wp-block-embed is-type-video is-provider-youtube wp-block-embed-youtube wp-embed-aspect-16-9 wp-has-aspect-ratio\"><div class=\"wp-block-embed__wrapper\">\n<iframe loading=\"lazy\" title=\"ENKONTROS DE ALHAD RACHEL AMADO BORTNICK (Ladinokomu) i NISSIM BENJOYA: \u201cERENSYA DJUDIA DE IZMIR II\u201d\" width=\"474\" height=\"267\" src=\"https:\/\/www.youtube.com\/embed\/42HOv8V3d3E?feature=oembed\" frameborder=\"0\" allow=\"accelerometer; autoplay; clipboard-write; encrypted-media; gyroscope; picture-in-picture; web-share\" referrerpolicy=\"strict-origin-when-cross-origin\" allowfullscreen><\/iframe>\n<\/div><\/figure>\n\n\n\n<p>48.25 ENKONTROS DE ALHAD: LILIANA BENVENISTE &amp; DR. ALDO SEVI: REDESKUVRIR EL LADINO 14 FEBRERO 2021<\/p>\n\n\n\n<figure class=\"wp-block-embed is-type-video is-provider-youtube wp-block-embed-youtube wp-embed-aspect-16-9 wp-has-aspect-ratio\"><div class=\"wp-block-embed__wrapper\">\n<iframe loading=\"lazy\" title=\"ENKONTROS DE ALHAD Liliana Benveniste i Dr Aldo Sevi - REDESKUVRIR EL LADINO\" width=\"474\" height=\"267\" src=\"https:\/\/www.youtube.com\/embed\/USm8YXO0s6g?feature=oembed\" frameborder=\"0\" allow=\"accelerometer; autoplay; clipboard-write; encrypted-media; gyroscope; picture-in-picture; web-share\" referrerpolicy=\"strict-origin-when-cross-origin\" allowfullscreen><\/iframe>\n<\/div><\/figure>\n\n\n\n<p>48.26 ENKONTROS DE ALHAD: JENNY LANEURIE &amp; EDMOND COHEN &amp;&nbsp; STELLA GUTMAN: EL GIZADO DE LOS MUESTROS 21 FEBRERO 2021<\/p>\n\n\n\n<figure class=\"wp-block-embed is-type-video is-provider-youtube wp-block-embed-youtube wp-embed-aspect-16-9 wp-has-aspect-ratio\"><div class=\"wp-block-embed__wrapper\">\n<iframe loading=\"lazy\" title=\"ENKONTROS DE ALHAD Jenny Laneurie con Edmond Koen y Mathilde Pessah: \u201cEl Memorial...\u201d\" width=\"474\" height=\"267\" src=\"https:\/\/www.youtube.com\/embed\/hxUKsj_X8H4?feature=oembed\" frameborder=\"0\" allow=\"accelerometer; autoplay; clipboard-write; encrypted-media; gyroscope; picture-in-picture; web-share\" referrerpolicy=\"strict-origin-when-cross-origin\" allowfullscreen><\/iframe>\n<\/div><\/figure>\n\n\n\n<p>48.27 ENKONTROS DE ALHAD: ALICIA SISSO RAZ &amp; ORO ANAHORY: LA HAKETIA: CONSEJAS, HADRAS Y CANTARES 28 FEBRERO 2021<\/p>\n\n\n\n<figure class=\"wp-block-embed is-type-video is-provider-youtube wp-block-embed-youtube wp-embed-aspect-16-9 wp-has-aspect-ratio\"><div class=\"wp-block-embed__wrapper\">\n<iframe loading=\"lazy\" title=\"ENKONTROS DE ALHAD - ALICIA SISSO RAZ Y ORO ANAHORY: &quot;LA HAKET\u00cdA: CONSE\u0134AS,HADR\u00c1S Y CANTARES&quot;\" width=\"474\" height=\"267\" src=\"https:\/\/www.youtube.com\/embed\/gMuzzHgzDxU?feature=oembed\" frameborder=\"0\" allow=\"accelerometer; autoplay; clipboard-write; encrypted-media; gyroscope; picture-in-picture; web-share\" referrerpolicy=\"strict-origin-when-cross-origin\" allowfullscreen><\/iframe>\n<\/div><\/figure>\n\n\n\n<p>49. LADINO BLOG WITH LOUIS FISHMAN<\/p>\n\n\n\n<figure class=\"wp-block-embed is-type-video is-provider-youtube wp-block-embed-youtube wp-embed-aspect-16-9 wp-has-aspect-ratio\"><div class=\"wp-block-embed__wrapper\">\n<iframe loading=\"lazy\" title=\"Louis Fishman Video Blog, Discussing Ladino culture in Istanbul and beyond!\" width=\"474\" height=\"267\" src=\"https:\/\/www.youtube.com\/embed\/aSRnN3nDIIE?feature=oembed\" frameborder=\"0\" allow=\"accelerometer; autoplay; clipboard-write; encrypted-media; gyroscope; picture-in-picture; web-share\" referrerpolicy=\"strict-origin-when-cross-origin\" allowfullscreen><\/iframe>\n<\/div><\/figure>\n\n\n\n<p>50. ENKONTRO DE PIYUTIM<\/p>\n\n\n\n<figure class=\"wp-block-embed is-type-video is-provider-youtube wp-block-embed-youtube wp-embed-aspect-16-9 wp-has-aspect-ratio\"><div class=\"wp-block-embed__wrapper\">\n<iframe loading=\"lazy\" title=\"Enkontro de piyutes muestros\" width=\"474\" height=\"267\" src=\"https:\/\/www.youtube.com\/embed\/dpFrsmlIgh4?feature=oembed\" frameborder=\"0\" allow=\"accelerometer; autoplay; clipboard-write; encrypted-media; gyroscope; picture-in-picture; web-share\" referrerpolicy=\"strict-origin-when-cross-origin\" allowfullscreen><\/iframe>\n<\/div><\/figure>\n\n\n\n<p>51. YKAG 2020 karen sunum<\/p>\n\n\n\n<p><a href=\"http:\/\/www.muze500.com\/index.php?option=com_content&amp;view=article&amp;id=394catid=23&amp;Itemid=165&amp;lang=en\">http:\/\/www.muze500.com\/index.php?option=com_content&amp;view=article&amp;id=394catid=23&amp;Itemid=165&amp;lang=en<\/a><\/p>\n\n\n\n<p>52. LA RUTA SEFARD\u00cd &#8211; TURQU\u00cdA<\/p>\n\n\n\n<figure class=\"wp-block-embed is-type-video is-provider-youtube wp-block-embed-youtube wp-embed-aspect-4-3 wp-has-aspect-ratio\"><div class=\"wp-block-embed__wrapper\">\n<iframe loading=\"lazy\" title=\"Sefarad: la ruta sefard\u00ed de Turqu\u00eda. Karen \u015earhon\" width=\"474\" height=\"356\" src=\"https:\/\/www.youtube.com\/embed\/ObAtDjFwDjQ?feature=oembed\" frameborder=\"0\" allow=\"accelerometer; autoplay; clipboard-write; encrypted-media; gyroscope; picture-in-picture; web-share\" referrerpolicy=\"strict-origin-when-cross-origin\" allowfullscreen><\/iframe>\n<\/div><\/figure>\n\n\n\n<p>53. CENTRO SEFARAD-ISRAEL &#8211; KOMUNIDAD JUDIA DE TURKIYA &#8211; KAREN SARHON<\/p>\n\n\n\n<figure class=\"wp-block-embed is-type-video is-provider-youtube wp-block-embed-youtube wp-embed-aspect-16-9 wp-has-aspect-ratio\"><div class=\"wp-block-embed__wrapper\">\n<iframe loading=\"lazy\" title=\"Conociendo a la Comunidad Sefarad\u00ed de Turqu\u00eda\" width=\"474\" height=\"267\" src=\"https:\/\/www.youtube.com\/embed\/zOmvO9OAb0E?feature=oembed\" frameborder=\"0\" allow=\"accelerometer; autoplay; clipboard-write; encrypted-media; gyroscope; picture-in-picture; web-share\" referrerpolicy=\"strict-origin-when-cross-origin\" allowfullscreen><\/iframe>\n<\/div><\/figure>\n\n\n\n<p>54. CASA MEDITERRANEA (articulo)<\/p>\n\n\n\n<p><a href=\"https:\/\/www.casa-mediterraneo.es\/karen-gerson-los-sefardies-preservamos-la-cultura-la-lengua-la-comida-y-la-musica-espanola\/\">https:\/\/www.casa-mediterraneo.es\/karen-gerson-los-sefardies-preservamos-la-cultura-la-lengua-la-comida-y-la-musica-espanola\/<\/a><\/p>\n\n\n\n<p>55. HANUKA AROUND THE WORLD (Jay Leberman)<\/p>\n\n\n\n<figure class=\"wp-block-embed is-type-video is-provider-youtube wp-block-embed-youtube wp-embed-aspect-16-9 wp-has-aspect-ratio\"><div class=\"wp-block-embed__wrapper\">\n<iframe loading=\"lazy\" title=\"Chanukah Around the World\" width=\"474\" height=\"267\" src=\"https:\/\/www.youtube.com\/embed\/zhFRD-PU97Q?feature=oembed\" frameborder=\"0\" allow=\"accelerometer; autoplay; clipboard-write; encrypted-media; gyroscope; picture-in-picture; web-share\" referrerpolicy=\"strict-origin-when-cross-origin\" allowfullscreen><\/iframe>\n<\/div><\/figure>\n\n\n\n<p>56. ENTREVISTA DE CARLOS YEBRA LOPEZ &amp; LADINO 21 KON KAREN SARHON<\/p>\n\n\n\n<figure class=\"wp-block-embed is-type-video is-provider-youtube wp-block-embed-youtube wp-embed-aspect-16-9 wp-has-aspect-ratio\"><div class=\"wp-block-embed__wrapper\">\n<iframe loading=\"lazy\" title=\"Karen \u015earhon: Kitar el Rey... i Meter el Vizir! \/\/ Estambol, Turkiya\" width=\"474\" height=\"267\" src=\"https:\/\/www.youtube.com\/embed\/TwbfGgrNtAk?feature=oembed\" frameborder=\"0\" allow=\"accelerometer; autoplay; clipboard-write; encrypted-media; gyroscope; picture-in-picture; web-share\" referrerpolicy=\"strict-origin-when-cross-origin\" allowfullscreen><\/iframe>\n<\/div><\/figure>\n\n\n\n<figure class=\"wp-block-embed is-type-video is-provider-youtube wp-block-embed-youtube wp-embed-aspect-16-9 wp-has-aspect-ratio\"><div class=\"wp-block-embed__wrapper\">\n<iframe loading=\"lazy\" title=\"Karen \u015earhon  El ladino en la universit\u00e1 i la gueb \/\/ Estambol, Turkiya\" width=\"474\" height=\"267\" src=\"https:\/\/www.youtube.com\/embed\/-rPdq4it38A?feature=oembed\" frameborder=\"0\" allow=\"accelerometer; autoplay; clipboard-write; encrypted-media; gyroscope; picture-in-picture; web-share\" referrerpolicy=\"strict-origin-when-cross-origin\" allowfullscreen><\/iframe>\n<\/div><\/figure>\n\n\n\n<figure class=\"wp-block-embed is-type-video is-provider-youtube wp-block-embed-youtube wp-embed-aspect-16-9 wp-has-aspect-ratio\"><div class=\"wp-block-embed__wrapper\">\n<iframe loading=\"lazy\" title=\"Karen \u015earhon: El Amaneser \/\/ Estambol, Turkiya\" width=\"474\" height=\"267\" src=\"https:\/\/www.youtube.com\/embed\/amo3Jd4h-S4?feature=oembed\" frameborder=\"0\" allow=\"accelerometer; autoplay; clipboard-write; encrypted-media; gyroscope; picture-in-picture; web-share\" referrerpolicy=\"strict-origin-when-cross-origin\" allowfullscreen><\/iframe>\n<\/div><\/figure>\n\n\n\n<figure class=\"wp-block-embed is-type-video is-provider-youtube wp-block-embed-youtube wp-embed-aspect-4-3 wp-has-aspect-ratio\"><div class=\"wp-block-embed__wrapper\">\n<iframe loading=\"lazy\" title=\"Karen \u015earhon: El avenir del ladino: muevos proyektos \/\/ Estambol, Turkiya\" width=\"474\" height=\"356\" src=\"https:\/\/www.youtube.com\/embed\/IjNHJbWEsFU?feature=oembed\" frameborder=\"0\" allow=\"accelerometer; autoplay; clipboard-write; encrypted-media; gyroscope; picture-in-picture; web-share\" referrerpolicy=\"strict-origin-when-cross-origin\" allowfullscreen><\/iframe>\n<\/div><\/figure>\n\n\n\n<p>57.1 GENERAL BACKGROUND FOR SEPHARDIC CULTURE<\/p>\n\n\n\n<figure class=\"wp-block-embed is-type-video is-provider-youtube wp-block-embed-youtube wp-embed-aspect-16-9 wp-has-aspect-ratio\"><div class=\"wp-block-embed__wrapper\">\n<iframe loading=\"lazy\" title=\"Turkey \/ Ottoman Empire Jan 2021\" width=\"474\" height=\"267\" src=\"https:\/\/www.youtube.com\/embed\/A0dT0Hyj23w?feature=oembed\" frameborder=\"0\" allow=\"accelerometer; autoplay; clipboard-write; encrypted-media; gyroscope; picture-in-picture; web-share\" referrerpolicy=\"strict-origin-when-cross-origin\" allowfullscreen><\/iframe>\n<\/div><\/figure>\n\n\n\n<p>57.2 SEPHARDIC MUSIC<\/p>\n\n\n\n<figure class=\"wp-block-embed is-type-video is-provider-youtube wp-block-embed-youtube wp-embed-aspect-4-3 wp-has-aspect-ratio\"><div class=\"wp-block-embed__wrapper\">\n<iframe loading=\"lazy\" title=\"Our Sephardic Family Presents: Music\" width=\"474\" height=\"356\" src=\"https:\/\/www.youtube.com\/embed\/JeTItZ97WlY?feature=oembed\" frameborder=\"0\" allow=\"accelerometer; autoplay; clipboard-write; encrypted-media; gyroscope; picture-in-picture; web-share\" referrerpolicy=\"strict-origin-when-cross-origin\" allowfullscreen><\/iframe>\n<\/div><\/figure>\n\n\n\n<p>57.3 LANGUAGE AND THE SEPHARDIC CENTER<\/p>\n\n\n\n<figure class=\"wp-block-embed is-type-video is-provider-youtube wp-block-embed-youtube wp-embed-aspect-4-3 wp-has-aspect-ratio\"><div class=\"wp-block-embed__wrapper\">\n<iframe loading=\"lazy\" title=\"Our Sephardic Family Presents: Ladino\" width=\"474\" height=\"356\" src=\"https:\/\/www.youtube.com\/embed\/yQ71yKVGaLc?feature=oembed\" frameborder=\"0\" allow=\"accelerometer; autoplay; clipboard-write; encrypted-media; gyroscope; picture-in-picture; web-share\" referrerpolicy=\"strict-origin-when-cross-origin\" allowfullscreen><\/iframe>\n<\/div><\/figure>\n\n\n\n<p>57.4 SEPHARDIC FOOD<\/p>\n\n\n\n<figure class=\"wp-block-embed is-type-video is-provider-youtube wp-block-embed-youtube wp-embed-aspect-4-3 wp-has-aspect-ratio\"><div class=\"wp-block-embed__wrapper\">\n<iframe loading=\"lazy\" title=\"Our Sephardic Family Presents: Sephardic Food.\" width=\"474\" height=\"356\" src=\"https:\/\/www.youtube.com\/embed\/ffxQTsLgkWI?feature=oembed\" frameborder=\"0\" allow=\"accelerometer; autoplay; clipboard-write; encrypted-media; gyroscope; picture-in-picture; web-share\" referrerpolicy=\"strict-origin-when-cross-origin\" allowfullscreen><\/iframe>\n<\/div><\/figure>\n\n\n\n<p>58. ENKONTRO DE TU BISHVAT (ALBERT ISRAEL &amp; AUTORIDAD)<\/p>\n\n\n\n<figure class=\"wp-block-embed is-type-video is-provider-youtube wp-block-embed-youtube wp-embed-aspect-16-9 wp-has-aspect-ratio\"><div class=\"wp-block-embed__wrapper\">\n<iframe loading=\"lazy\" title=\"Enkontro de Tu Bishvat (no pedrash a ver la parte de alkavo)\" width=\"474\" height=\"267\" src=\"https:\/\/www.youtube.com\/embed\/0eX4W0v49rc?feature=oembed\" frameborder=\"0\" allow=\"accelerometer; autoplay; clipboard-write; encrypted-media; gyroscope; picture-in-picture; web-share\" referrerpolicy=\"strict-origin-when-cross-origin\" allowfullscreen><\/iframe>\n<\/div><\/figure>\n\n\n\n<p>59. DIDL 2021<\/p>\n\n\n\n<figure class=\"wp-block-embed is-type-video is-provider-youtube wp-block-embed-youtube wp-embed-aspect-16-9 wp-has-aspect-ratio\"><div class=\"wp-block-embed__wrapper\">\n<iframe loading=\"lazy\" title=\"Dia Internasyonal de Ladino 2021 Estambol\" width=\"474\" height=\"267\" src=\"https:\/\/www.youtube.com\/embed\/W5egTBQqmDs?feature=oembed\" frameborder=\"0\" allow=\"accelerometer; autoplay; clipboard-write; encrypted-media; gyroscope; picture-in-picture; web-share\" referrerpolicy=\"strict-origin-when-cross-origin\" allowfullscreen><\/iframe>\n<\/div><\/figure>\n","protected":false},"excerpt":{"rendered":"<p>VIDEOS EN JUDEO-ESPANYOL Bortnick, Rachel Amado. &#8220;Karen Sarhon.&#8221; Jewish Women: A Comprehensive Historical Encyclopedia. 23 June 2021. Jewish Women&#8217;s Archive. (Viewed on July 4, 2021) &lt;https:\/\/jwa.org\/encyclopedia\/article\/sarhon-karen&gt;. 1. Forti Barokas: La [&hellip;]<\/p>\n","protected":false},"author":1,"featured_media":0,"parent":0,"menu_order":0,"comment_status":"closed","ping_status":"closed","template":"","meta":{"footnotes":""},"class_list":["post-112","page","type-page","status-publish","hentry"],"_links":{"self":[{"href":"https:\/\/sefarad.com.tr\/en\/wp-json\/wp\/v2\/pages\/112","targetHints":{"allow":["GET"]}}],"collection":[{"href":"https:\/\/sefarad.com.tr\/en\/wp-json\/wp\/v2\/pages"}],"about":[{"href":"https:\/\/sefarad.com.tr\/en\/wp-json\/wp\/v2\/types\/page"}],"author":[{"embeddable":true,"href":"https:\/\/sefarad.com.tr\/en\/wp-json\/wp\/v2\/users\/1"}],"replies":[{"embeddable":true,"href":"https:\/\/sefarad.com.tr\/en\/wp-json\/wp\/v2\/comments?post=112"}],"version-history":[{"count":3,"href":"https:\/\/sefarad.com.tr\/en\/wp-json\/wp\/v2\/pages\/112\/revisions"}],"predecessor-version":[{"id":121,"href":"https:\/\/sefarad.com.tr\/en\/wp-json\/wp\/v2\/pages\/112\/revisions\/121"}],"wp:attachment":[{"href":"https:\/\/sefarad.com.tr\/en\/wp-json\/wp\/v2\/media?parent=112"}],"curies":[{"name":"wp","href":"https:\/\/api.w.org\/{rel}","templated":true}]}}